{"id":226,"date":"2025-04-17T19:34:21","date_gmt":"2025-04-17T17:34:21","guid":{"rendered":"https:\/\/285222.peda.univ-lille.fr\/2025\/wordpress\/?page_id=226"},"modified":"2025-04-18T20:38:58","modified_gmt":"2025-04-18T18:38:58","slug":"accueil","status":"publish","type":"page","link":"https:\/\/285222.peda.univ-lille.fr\/2025\/wordpress\/","title":{"rendered":"Accueil"},"content":{"rendered":"\t\t<div data-elementor-type=\"wp-page\" data-elementor-id=\"226\" class=\"elementor elementor-226\">\n\t\t\t\t<div class=\"elementor-element elementor-element-cf1ebbf e-flex e-con-boxed wpr-particle-no wpr-jarallax-no wpr-parallax-no wpr-sticky-section-no e-con e-parent\" data-id=\"cf1ebbf\" data-element_type=\"container\" data-settings=\"{&quot;background_background&quot;:&quot;classic&quot;}\">\n\t\t\t\t\t<div class=\"e-con-inner\">\n\t\t\t\t<div class=\"elementor-element elementor-element-46ab865 elementor-widget elementor-widget-heading\" data-id=\"46ab865\" data-element_type=\"widget\" data-widget_type=\"heading.default\">\n\t\t\t\t<div class=\"elementor-widget-container\">\n\t\t\t\t\t<h2 class=\"elementor-heading-title elementor-size-default\">ECOVEILLE<\/h2>\t\t\t\t<\/div>\n\t\t\t\t<\/div>\n\t\t\t\t<div class=\"elementor-element elementor-element-169a09c elementor-widget__width-initial elementor-widget elementor-widget-heading\" data-id=\"169a09c\" data-element_type=\"widget\" data-widget_type=\"heading.default\">\n\t\t\t\t<div class=\"elementor-widget-container\">\n\t\t\t\t\t<h2 class=\"elementor-heading-title elementor-size-default\">Votre blog d'actualit\u00e9 en veille strat\u00e9gique <\/h2>\t\t\t\t<\/div>\n\t\t\t\t<\/div>\n\t\t\t\t<div class=\"elementor-element elementor-element-806f476 elementor-widget__width-initial elementor-widget elementor-widget-text-editor\" data-id=\"806f476\" data-element_type=\"widget\" data-widget_type=\"text-editor.default\">\n\t\t\t\t<div class=\"elementor-widget-container\">\n\t\t\t\t\t\t\t\t\t<p class=\"\" data-start=\"338\" data-end=\"596\">Dans un monde en constante mutation, o\u00f9 la donn\u00e9e est devenue un actif strat\u00e9gique, <strong data-start=\"422\" data-end=\"435\">EcoVeille<\/strong> se positionne comme un espace d\u2019analyse, de r\u00e9flexion et de veille destin\u00e9 aux professionnels, chercheurs, \u00e9tudiants et passionn\u00e9s de l\u2019intelligence \u00e9conomique.<\/p><p class=\"\" data-start=\"598\" data-end=\"878\">\u00a0<\/p>\t\t\t\t\t\t\t\t<\/div>\n\t\t\t\t<\/div>\n\t\t\t\t<div class=\"elementor-element elementor-element-0f3d904 elementor-align-center elementor-widget elementor-widget-button\" data-id=\"0f3d904\" data-element_type=\"widget\" data-widget_type=\"button.default\">\n\t\t\t\t<div class=\"elementor-widget-container\">\n\t\t\t\t\t\t\t\t\t<div class=\"elementor-button-wrapper\">\n\t\t\t\t\t<a class=\"elementor-button elementor-button-link elementor-size-sm\" href=\"https:\/\/285222.peda.univ-lille.fr\/2025\/wordpress\/?p=169\">\n\t\t\t\t\t\t<span class=\"elementor-button-content-wrapper\">\n\t\t\t\t\t\t\t\t\t<span class=\"elementor-button-text\">D\u00e9couvrez notre dossier sp\u00e9cial<\/span>\n\t\t\t\t\t<\/span>\n\t\t\t\t\t<\/a>\n\t\t\t\t<\/div>\n\t\t\t\t\t\t\t\t<\/div>\n\t\t\t\t<\/div>\n\t\t\t\t\t<\/div>\n\t\t\t\t<\/div>\n\t\t<div class=\"elementor-element elementor-element-0611b85 e-flex e-con-boxed wpr-particle-no wpr-jarallax-no wpr-parallax-no wpr-sticky-section-no e-con e-parent\" data-id=\"0611b85\" data-element_type=\"container\">\n\t\t\t\t\t<div class=\"e-con-inner\">\n\t\t<div class=\"elementor-element elementor-element-2a2252e e-con-full e-flex wpr-particle-no wpr-jarallax-no wpr-parallax-no wpr-sticky-section-no e-con e-child\" data-id=\"2a2252e\" data-element_type=\"container\">\n\t\t\t\t<div class=\"elementor-element elementor-element-b76bff6 elementor-widget elementor-widget-heading\" data-id=\"b76bff6\" data-element_type=\"widget\" data-widget_type=\"heading.default\">\n\t\t\t\t<div class=\"elementor-widget-container\">\n\t\t\t\t\t<h2 class=\"elementor-heading-title elementor-size-default\">A propos<\/h2>\t\t\t\t<\/div>\n\t\t\t\t<\/div>\n\t\t\t\t<div class=\"elementor-element elementor-element-0d2be77 elementor-widget elementor-widget-text-editor\" data-id=\"0d2be77\" data-element_type=\"widget\" data-widget_type=\"text-editor.default\">\n\t\t\t\t<div class=\"elementor-widget-container\">\n\t\t\t\t\t\t\t\t\t<p class=\"\" data-start=\"1168\" data-end=\"1212\">\ud83d\udd0d <strong data-start=\"1171\" data-end=\"1210\">Ce que vous trouverez sur EcoVeille<\/strong> :<\/p><ul data-start=\"1213\" data-end=\"1650\"><li class=\"\" data-start=\"1213\" data-end=\"1288\"><p class=\"\" data-start=\"1215\" data-end=\"1288\">Des articles de fond sur les outils et techniques de veille strat\u00e9gique<\/p><\/li><li class=\"\" data-start=\"1289\" data-end=\"1392\"><p class=\"\" data-start=\"1291\" data-end=\"1392\">Des d\u00e9cryptages sur l\u2019utilisation de l\u2019IA, des agents conversationnels et de la data dans la veille<\/p><\/li><\/ul>\t\t\t\t\t\t\t\t<\/div>\n\t\t\t\t<\/div>\n\t\t\t\t<div class=\"elementor-element elementor-element-9818c2f elementor-align-left elementor-widget elementor-widget-button\" data-id=\"9818c2f\" data-element_type=\"widget\" data-widget_type=\"button.default\">\n\t\t\t\t<div class=\"elementor-widget-container\">\n\t\t\t\t\t\t\t\t\t<div class=\"elementor-button-wrapper\">\n\t\t\t\t\t<a class=\"elementor-button elementor-button-link elementor-size-sm\" href=\"https:\/\/285222.peda.univ-lille.fr\/2025\/wordpress\/?page_id=229\">\n\t\t\t\t\t\t<span class=\"elementor-button-content-wrapper\">\n\t\t\t\t\t\t\t\t\t<span class=\"elementor-button-text\">En savoir plus<\/span>\n\t\t\t\t\t<\/span>\n\t\t\t\t\t<\/a>\n\t\t\t\t<\/div>\n\t\t\t\t\t\t\t\t<\/div>\n\t\t\t\t<\/div>\n\t\t\t\t<\/div>\n\t\t<div class=\"elementor-element elementor-element-5943ecf e-con-full e-flex wpr-particle-no wpr-jarallax-no wpr-parallax-no wpr-sticky-section-no e-con e-child\" data-id=\"5943ecf\" data-element_type=\"container\">\n\t\t\t\t<div class=\"elementor-element elementor-element-9c8b015 elementor-widget elementor-widget-image\" data-id=\"9c8b015\" data-element_type=\"widget\" data-widget_type=\"image.default\">\n\t\t\t\t<div class=\"elementor-widget-container\">\n\t\t\t\t\t\t\t\t\t\t\t\t\t\t\t<img fetchpriority=\"high\" decoding=\"async\" width=\"1024\" height=\"683\" src=\"https:\/\/285222.peda.univ-lille.fr\/2025\/wordpress\/wp-content\/uploads\/2025\/04\/ChatGPT-Image-17-avr.-2025-21_52_24-1024x683.jpg\" class=\"attachment-large size-large wp-image-276\" alt=\"\" srcset=\"https:\/\/285222.peda.univ-lille.fr\/2025\/wordpress\/wp-content\/uploads\/2025\/04\/ChatGPT-Image-17-avr.-2025-21_52_24-1024x683.jpg 1024w, https:\/\/285222.peda.univ-lille.fr\/2025\/wordpress\/wp-content\/uploads\/2025\/04\/ChatGPT-Image-17-avr.-2025-21_52_24-300x200.jpg 300w, https:\/\/285222.peda.univ-lille.fr\/2025\/wordpress\/wp-content\/uploads\/2025\/04\/ChatGPT-Image-17-avr.-2025-21_52_24-768x512.jpg 768w, https:\/\/285222.peda.univ-lille.fr\/2025\/wordpress\/wp-content\/uploads\/2025\/04\/ChatGPT-Image-17-avr.-2025-21_52_24.jpg 1536w\" sizes=\"(max-width: 1024px) 100vw, 1024px\" \/>\t\t\t\t\t\t\t\t\t\t\t\t\t\t\t<\/div>\n\t\t\t\t<\/div>\n\t\t\t\t<\/div>\n\t\t\t\t\t<\/div>\n\t\t\t\t<\/div>\n\t\t<div class=\"elementor-element elementor-element-ab8ac52 e-flex e-con-boxed wpr-particle-no wpr-jarallax-no wpr-parallax-no wpr-sticky-section-no e-con e-parent\" data-id=\"ab8ac52\" data-element_type=\"container\">\n\t\t\t\t\t<div class=\"e-con-inner\">\n\t\t<div class=\"elementor-element elementor-element-f516679 e-con-full e-flex wpr-particle-no wpr-jarallax-no wpr-parallax-no wpr-sticky-section-no e-con e-child\" data-id=\"f516679\" data-element_type=\"container\">\n\t\t\t\t<div class=\"elementor-element elementor-element-49bb38b elementor-widget elementor-widget-image\" data-id=\"49bb38b\" data-element_type=\"widget\" data-widget_type=\"image.default\">\n\t\t\t\t<div class=\"elementor-widget-container\">\n\t\t\t\t\t\t\t\t\t\t\t\t\t\t\t<img decoding=\"async\" width=\"1024\" height=\"683\" src=\"https:\/\/285222.peda.univ-lille.fr\/2025\/wordpress\/wp-content\/uploads\/2025\/04\/ChatGPT-Image-18-avr.-2025-08_11_59-1024x683.jpg\" class=\"attachment-large size-large wp-image-300\" alt=\"\" srcset=\"https:\/\/285222.peda.univ-lille.fr\/2025\/wordpress\/wp-content\/uploads\/2025\/04\/ChatGPT-Image-18-avr.-2025-08_11_59-1024x683.jpg 1024w, https:\/\/285222.peda.univ-lille.fr\/2025\/wordpress\/wp-content\/uploads\/2025\/04\/ChatGPT-Image-18-avr.-2025-08_11_59-300x200.jpg 300w, https:\/\/285222.peda.univ-lille.fr\/2025\/wordpress\/wp-content\/uploads\/2025\/04\/ChatGPT-Image-18-avr.-2025-08_11_59-768x512.jpg 768w, https:\/\/285222.peda.univ-lille.fr\/2025\/wordpress\/wp-content\/uploads\/2025\/04\/ChatGPT-Image-18-avr.-2025-08_11_59.jpg 1536w\" sizes=\"(max-width: 1024px) 100vw, 1024px\" \/>\t\t\t\t\t\t\t\t\t\t\t\t\t\t\t<\/div>\n\t\t\t\t<\/div>\n\t\t\t\t<\/div>\n\t\t<div class=\"elementor-element elementor-element-0fcd2e7 e-con-full e-flex wpr-particle-no wpr-jarallax-no wpr-parallax-no wpr-sticky-section-no e-con e-child\" data-id=\"0fcd2e7\" data-element_type=\"container\">\n\t\t\t\t<div class=\"elementor-element elementor-element-845c924 elementor-widget elementor-widget-heading\" data-id=\"845c924\" data-element_type=\"widget\" data-widget_type=\"heading.default\">\n\t\t\t\t<div class=\"elementor-widget-container\">\n\t\t\t\t\t<h2 class=\"elementor-heading-title elementor-size-default\">Objectifs<\/h2>\t\t\t\t<\/div>\n\t\t\t\t<\/div>\n\t\t\t\t<div class=\"elementor-element elementor-element-dbc9f8a elementor-widget elementor-widget-text-editor\" data-id=\"dbc9f8a\" data-element_type=\"widget\" data-widget_type=\"text-editor.default\">\n\t\t\t\t<div class=\"elementor-widget-container\">\n\t\t\t\t\t\t\t\t\t<p>Notre ambition est claire : <strong data-start=\"626\" data-end=\"699\">outiller les acteurs d\u2019aujourd\u2019hui pour anticiper les d\u00e9fis de demain<\/strong>, en leur offrant des ressources rigoureuses, des m\u00e9thodologies \u00e9prouv\u00e9es et des perspectives innovantes sur la collecte, l\u2019analyse et l\u2019exploitation de l\u2019information strat\u00e9gique.<\/p>\t\t\t\t\t\t\t\t<\/div>\n\t\t\t\t<\/div>\n\t\t\t\t<div class=\"elementor-element elementor-element-08419bd elementor-align-center elementor-widget elementor-widget-button\" data-id=\"08419bd\" data-element_type=\"widget\" data-widget_type=\"button.default\">\n\t\t\t\t<div class=\"elementor-widget-container\">\n\t\t\t\t\t\t\t\t\t<div class=\"elementor-button-wrapper\">\n\t\t\t\t\t<a class=\"elementor-button elementor-button-link elementor-size-sm\" href=\"https:\/\/285222.peda.univ-lille.fr\/2025\/wordpress\/?cat=5\">\n\t\t\t\t\t\t<span class=\"elementor-button-content-wrapper\">\n\t\t\t\t\t\t\t\t\t<span class=\"elementor-button-text\">Explorez nos articles<\/span>\n\t\t\t\t\t<\/span>\n\t\t\t\t\t<\/a>\n\t\t\t\t<\/div>\n\t\t\t\t\t\t\t\t<\/div>\n\t\t\t\t<\/div>\n\t\t\t\t<\/div>\n\t\t\t\t\t<\/div>\n\t\t\t\t<\/div>\n\t\t<div class=\"elementor-element elementor-element-bccad36 e-con-full e-flex wpr-particle-no wpr-jarallax-no wpr-parallax-no wpr-sticky-section-no e-con e-parent\" data-id=\"bccad36\" data-element_type=\"container\">\n\t\t\t\t<div class=\"elementor-element elementor-element-7f77be2 wpr-grid-columns-3 wpr-grid-columns--tablet2 wpr-grid-columns--mobile1 wpr-grid-pagination-center wpr-item-styles-inner elementor-widget elementor-widget-wpr-grid\" data-id=\"7f77be2\" data-element_type=\"widget\" data-widget_type=\"wpr-grid.default\">\n\t\t\t\t<div class=\"elementor-widget-container\">\n\t\t\t\t\t<ul class=\"wpr-grid-filters elementor-clearfix wpr-grid-filters-sep-right\"><li class=\" wpr-pointer-none wpr-pointer-line-fx wpr-pointer-fx-none\"><span  data-filter=\"*\" class=\"wpr-grid-filters-item wpr-active-filter \">All Posts<\/span><em class=\"wpr-grid-filters-sep\"><\/em><\/li><li class=\" wpr-pointer-none wpr-pointer-line-fx wpr-pointer-fx-none\"><span   data-ajax-filter=[\"category\",\"dossier-special\"]  data-filter=\".category-dossier-special\">Dossier sp\u00e9cial<\/span><em class=\"wpr-grid-filters-sep\"><\/em><\/li><li class=\" wpr-pointer-none wpr-pointer-line-fx wpr-pointer-fx-none\"><span   data-ajax-filter=[\"category\",\"ethique-et-regulation\"]  data-filter=\".category-ethique-et-regulation\">\u00c9thique et r\u00e9gulation<\/span><em class=\"wpr-grid-filters-sep\"><\/em><\/li><li class=\" wpr-pointer-none wpr-pointer-line-fx wpr-pointer-fx-none\"><span   data-ajax-filter=[\"category\",\"ia-et-cybersecurite\"]  data-filter=\".category-ia-et-cybersecurite\">IA et cybers\u00e9curit\u00e9<\/span><em class=\"wpr-grid-filters-sep\"><\/em><\/li><li class=\" wpr-pointer-none wpr-pointer-line-fx wpr-pointer-fx-none\"><span   data-ajax-filter=[\"category\",\"ia-et-veille-concurrentielle\"]  data-filter=\".category-ia-et-veille-concurrentielle\">IA et veille concurrentielle<\/span><em class=\"wpr-grid-filters-sep\"><\/em><\/li><li class=\" wpr-pointer-none wpr-pointer-line-fx wpr-pointer-fx-none\"><span   data-ajax-filter=[\"category\",\"outils-ia-pour-la-veille\"]  data-filter=\".category-outils-ia-pour-la-veille\">Outils IA pour la veille<\/span><em class=\"wpr-grid-filters-sep\"><\/em><\/li><\/ul><section class=\"wpr-grid elementor-clearfix\" data-settings=\"{&quot;layout&quot;:&quot;fitRows&quot;,&quot;stick_last_element_to_bottom&quot;:&quot;&quot;,&quot;columns_desktop&quot;:&quot;3&quot;,&quot;gutter_hr&quot;:15,&quot;gutter_hr_mobile&quot;:15,&quot;gutter_hr_mobile_extra&quot;:15,&quot;gutter_hr_tablet&quot;:15,&quot;gutter_hr_tablet_extra&quot;:15,&quot;gutter_hr_laptop&quot;:15,&quot;gutter_hr_widescreen&quot;:15,&quot;gutter_vr&quot;:15,&quot;gutter_vr_mobile&quot;:15,&quot;gutter_vr_mobile_extra&quot;:15,&quot;gutter_vr_tablet&quot;:15,&quot;gutter_vr_tablet_extra&quot;:15,&quot;gutter_vr_laptop&quot;:15,&quot;gutter_vr_widescreen&quot;:15,&quot;animation&quot;:&quot;default&quot;,&quot;animation_duration&quot;:0.3,&quot;animation_delay&quot;:0.1,&quot;deeplinking&quot;:&quot;&quot;,&quot;filters_linkable&quot;:&quot;no&quot;,&quot;filters_default_filter&quot;:&quot;&quot;,&quot;filters_count&quot;:&quot;&quot;,&quot;filters_hide_empty&quot;:&quot;no&quot;,&quot;filters_animation&quot;:&quot;default&quot;,&quot;filters_animation_duration&quot;:0.3,&quot;filters_animation_delay&quot;:0.1,&quot;pagination_type&quot;:&quot;load-more&quot;,&quot;pagination_max_pages&quot;:2,&quot;lightbox&quot;:{&quot;selector&quot;:&quot;.wpr-grid-image-wrap&quot;,&quot;iframeMaxWidth&quot;:&quot;60%&quot;,&quot;hash&quot;:false,&quot;autoplay&quot;:&quot;true&quot;,&quot;pause&quot;:5000,&quot;progressBar&quot;:&quot;true&quot;,&quot;counter&quot;:&quot;true&quot;,&quot;controls&quot;:&quot;true&quot;,&quot;getCaptionFromTitleOrAlt&quot;:&quot;true&quot;,&quot;thumbnail&quot;:&quot;&quot;,&quot;showThumbByDefault&quot;:&quot;&quot;,&quot;share&quot;:&quot;&quot;,&quot;zoom&quot;:&quot;true&quot;,&quot;fullScreen&quot;:&quot;true&quot;,&quot;download&quot;:&quot;true&quot;}}\" data-advanced-filters=\"no\"><article class=\"wpr-grid-item elementor-clearfix post-400 post type-post status-publish format-standard has-post-thumbnail hentry category-ethique-et-regulation\"><div class=\"wpr-grid-item-inner\"><div class=\"wpr-grid-media-wrap wpr-effect-size-medium \" data-overlay-link=\"yes\"><div class=\"wpr-grid-image-wrap\" data-src=\"https:\/\/285222.peda.univ-lille.fr\/2025\/wordpress\/wp-content\/uploads\/2025\/04\/Webinar-LIntelligence-Artificielle-IA-pour-les-avocats-et-juristes-1-scaled-1.jpg\" data-img-on-hover=\"\"  data-src-secondary=\"\"><img decoding=\"async\" data-no-lazy=\"1\" src=\"https:\/\/285222.peda.univ-lille.fr\/2025\/wordpress\/wp-content\/uploads\/2025\/04\/Webinar-LIntelligence-Artificielle-IA-pour-les-avocats-et-juristes-1-scaled-1.jpg\" alt=\"Entre surveillance et transparence : les paradoxes \u00e9thiques de l\u2019IA appliqu\u00e9e \u00e0 la veille\" class=\"wpr-anim-timing-ease-default\"><\/div><div class=\"wpr-grid-media-hover wpr-animation-wrap\"><div class=\"wpr-grid-media-hover-bg  wpr-overlay-fade-in wpr-anim-size-large wpr-anim-timing-ease-default wpr-anim-transparency\" data-url=\"https:\/\/285222.peda.univ-lille.fr\/2025\/wordpress\/?p=400\"><\/div><\/div><\/div><div class=\"wpr-grid-item-below-content elementor-clearfix\"><h2 class=\"wpr-grid-item-title elementor-repeater-item-175aff0 wpr-grid-item-display-block wpr-grid-item-align-left wpr-pointer-none wpr-pointer-line-fx wpr-pointer-fx-fade\"><div class=\"inner-block\"><a target=\"_self\"  href=\"https:\/\/285222.peda.univ-lille.fr\/2025\/wordpress\/?p=400\">Entre surveillance et transparence : les paradoxes \u00e9thiques de l\u2019IA appliqu\u00e9e \u00e0 la veille<\/a><\/div><\/h2><div class=\"wpr-grid-item-date elementor-repeater-item-b4899e6 wpr-grid-item-display-inline wpr-grid-item-align-left\"><div class=\"inner-block\"><span>18 avril 2025<span class=\"wpr-grid-extra-text-right\"><\/span><\/span><\/div><\/div><div class=\"wpr-grid-item-excerpt elementor-repeater-item-19c9d30 wpr-grid-item-display-block wpr-grid-item-align-left\"><div class=\"inner-block\"><p>IntroductionL\u2019essor de l\u2019intelligence artificielle (IA) dans la veille strat\u00e9gique bouleverse les m\u00e9thodes traditionnelles d\u2019analyse et de pr\u00e9diction. Si cette technologie...<\/p><\/div><\/div><div class=\"wpr-grid-item-read-more elementor-repeater-item-8e198e8 wpr-grid-item-display-block wpr-grid-item-align-left\"><div class=\"inner-block\"><a target=\"_self\" href=\"https:\/\/285222.peda.univ-lille.fr\/2025\/wordpress\/?p=400\" class=\"wpr-button-effect wpr-button-none\"><span>Lire l&#039;article<\/span><\/a><\/div><\/div><\/div><\/div><\/article><article class=\"wpr-grid-item elementor-clearfix post-396 post type-post status-publish format-standard has-post-thumbnail hentry category-ethique-et-regulation\"><div class=\"wpr-grid-item-inner\"><div class=\"wpr-grid-media-wrap wpr-effect-size-medium \" data-overlay-link=\"yes\"><div class=\"wpr-grid-image-wrap\" data-src=\"https:\/\/285222.peda.univ-lille.fr\/2025\/wordpress\/wp-content\/uploads\/2025\/04\/646b75016cfd1c323dedde91_Les-etapes-a-suivre-pour-assurer-sa-conformite-reglementaire-p-800.jpg\" data-img-on-hover=\"\"  data-src-secondary=\"\"><img decoding=\"async\" data-no-lazy=\"1\" src=\"https:\/\/285222.peda.univ-lille.fr\/2025\/wordpress\/wp-content\/uploads\/2025\/04\/646b75016cfd1c323dedde91_Les-etapes-a-suivre-pour-assurer-sa-conformite-reglementaire-p-800.jpg\" alt=\"Entre surveillance et transparence : les paradoxes \u00e9thiques de l\u2019IA appliqu\u00e9e \u00e0 la veille\" class=\"wpr-anim-timing-ease-default\"><\/div><div class=\"wpr-grid-media-hover wpr-animation-wrap\"><div class=\"wpr-grid-media-hover-bg  wpr-overlay-fade-in wpr-anim-size-large wpr-anim-timing-ease-default wpr-anim-transparency\" data-url=\"https:\/\/285222.peda.univ-lille.fr\/2025\/wordpress\/?p=396\"><\/div><\/div><\/div><div class=\"wpr-grid-item-below-content elementor-clearfix\"><h2 class=\"wpr-grid-item-title elementor-repeater-item-175aff0 wpr-grid-item-display-block wpr-grid-item-align-left wpr-pointer-none wpr-pointer-line-fx wpr-pointer-fx-fade\"><div class=\"inner-block\"><a target=\"_self\"  href=\"https:\/\/285222.peda.univ-lille.fr\/2025\/wordpress\/?p=396\">Entre surveillance et transparence : les paradoxes \u00e9thiques de l\u2019IA appliqu\u00e9e \u00e0 la veille<\/a><\/div><\/h2><div class=\"wpr-grid-item-date elementor-repeater-item-b4899e6 wpr-grid-item-display-inline wpr-grid-item-align-left\"><div class=\"inner-block\"><span>18 avril 2025<span class=\"wpr-grid-extra-text-right\"><\/span><\/span><\/div><\/div><div class=\"wpr-grid-item-excerpt elementor-repeater-item-19c9d30 wpr-grid-item-display-block wpr-grid-item-align-left\"><div class=\"inner-block\"><p>Introduction L\u2019intelligence artificielle (IA) red\u00e9finit les fronti\u00e8res de la veille strat\u00e9gique, offrant aux organisations une capacit\u00e9 in\u00e9dite \u00e0 anticiper les...<\/p><\/div><\/div><div class=\"wpr-grid-item-read-more elementor-repeater-item-8e198e8 wpr-grid-item-display-block wpr-grid-item-align-left\"><div class=\"inner-block\"><a target=\"_self\" href=\"https:\/\/285222.peda.univ-lille.fr\/2025\/wordpress\/?p=396\" class=\"wpr-button-effect wpr-button-none\"><span>Lire l&#039;article<\/span><\/a><\/div><\/div><\/div><\/div><\/article><article class=\"wpr-grid-item elementor-clearfix post-393 post type-post status-publish format-standard has-post-thumbnail hentry category-ethique-et-regulation\"><div class=\"wpr-grid-item-inner\"><div class=\"wpr-grid-media-wrap wpr-effect-size-medium \" data-overlay-link=\"yes\"><div class=\"wpr-grid-image-wrap\" data-src=\"https:\/\/285222.peda.univ-lille.fr\/2025\/wordpress\/wp-content\/uploads\/2025\/04\/judge-6822882_640-600x400-1.png\" data-img-on-hover=\"\"  data-src-secondary=\"\"><img decoding=\"async\" data-no-lazy=\"1\" src=\"https:\/\/285222.peda.univ-lille.fr\/2025\/wordpress\/wp-content\/uploads\/2025\/04\/judge-6822882_640-600x400-1.png\" alt=\"L&rsquo;AI Act europ\u00e9en : ce que les veilleurs doivent savoir d\u00e8s maintenant\" class=\"wpr-anim-timing-ease-default\"><\/div><div class=\"wpr-grid-media-hover wpr-animation-wrap\"><div class=\"wpr-grid-media-hover-bg  wpr-overlay-fade-in wpr-anim-size-large wpr-anim-timing-ease-default wpr-anim-transparency\" data-url=\"https:\/\/285222.peda.univ-lille.fr\/2025\/wordpress\/?p=393\"><\/div><\/div><\/div><div class=\"wpr-grid-item-below-content elementor-clearfix\"><h2 class=\"wpr-grid-item-title elementor-repeater-item-175aff0 wpr-grid-item-display-block wpr-grid-item-align-left wpr-pointer-none wpr-pointer-line-fx wpr-pointer-fx-fade\"><div class=\"inner-block\"><a target=\"_self\"  href=\"https:\/\/285222.peda.univ-lille.fr\/2025\/wordpress\/?p=393\">L&rsquo;AI Act europ\u00e9en : ce que les veilleurs doivent savoir d\u00e8s maintenant<\/a><\/div><\/h2><div class=\"wpr-grid-item-date elementor-repeater-item-b4899e6 wpr-grid-item-display-inline wpr-grid-item-align-left\"><div class=\"inner-block\"><span>18 avril 2025<span class=\"wpr-grid-extra-text-right\"><\/span><\/span><\/div><\/div><div class=\"wpr-grid-item-excerpt elementor-repeater-item-19c9d30 wpr-grid-item-display-block wpr-grid-item-align-left\"><div class=\"inner-block\"><p>Introduction L&rsquo;intelligence artificielle (IA) n&rsquo;est plus une perspective lointaine pour les professionnels de la veille strat\u00e9gique ; elle est une...<\/p><\/div><\/div><div class=\"wpr-grid-item-read-more elementor-repeater-item-8e198e8 wpr-grid-item-display-block wpr-grid-item-align-left\"><div class=\"inner-block\"><a target=\"_self\" href=\"https:\/\/285222.peda.univ-lille.fr\/2025\/wordpress\/?p=393\" class=\"wpr-button-effect wpr-button-none\"><span>Lire l&#039;article<\/span><\/a><\/div><\/div><\/div><\/div><\/article><article class=\"wpr-grid-item elementor-clearfix post-387 post type-post status-publish format-standard has-post-thumbnail hentry category-outils-ia-pour-la-veille\"><div class=\"wpr-grid-item-inner\"><div class=\"wpr-grid-media-wrap wpr-effect-size-medium \" data-overlay-link=\"yes\"><div class=\"wpr-grid-image-wrap\" data-src=\"https:\/\/285222.peda.univ-lille.fr\/2025\/wordpress\/wp-content\/uploads\/2025\/04\/IA.jpg\" data-img-on-hover=\"\"  data-src-secondary=\"\"><img decoding=\"async\" data-no-lazy=\"1\" src=\"https:\/\/285222.peda.univ-lille.fr\/2025\/wordpress\/wp-content\/uploads\/2025\/04\/IA.jpg\" alt=\"Crowdsourcing et IA : la veille participative du futur\" class=\"wpr-anim-timing-ease-default\"><\/div><div class=\"wpr-grid-media-hover wpr-animation-wrap\"><div class=\"wpr-grid-media-hover-bg  wpr-overlay-fade-in wpr-anim-size-large wpr-anim-timing-ease-default wpr-anim-transparency\" data-url=\"https:\/\/285222.peda.univ-lille.fr\/2025\/wordpress\/?p=387\"><\/div><\/div><\/div><div class=\"wpr-grid-item-below-content elementor-clearfix\"><h2 class=\"wpr-grid-item-title elementor-repeater-item-175aff0 wpr-grid-item-display-block wpr-grid-item-align-left wpr-pointer-none wpr-pointer-line-fx wpr-pointer-fx-fade\"><div class=\"inner-block\"><a target=\"_self\"  href=\"https:\/\/285222.peda.univ-lille.fr\/2025\/wordpress\/?p=387\">Crowdsourcing et IA : la veille participative du futur<\/a><\/div><\/h2><div class=\"wpr-grid-item-date elementor-repeater-item-b4899e6 wpr-grid-item-display-inline wpr-grid-item-align-left\"><div class=\"inner-block\"><span>18 avril 2025<span class=\"wpr-grid-extra-text-right\"><\/span><\/span><\/div><\/div><div class=\"wpr-grid-item-excerpt elementor-repeater-item-19c9d30 wpr-grid-item-display-block wpr-grid-item-align-left\"><div class=\"inner-block\"><p>Introduction : l&rsquo;intelligence collective au service d&rsquo;une veille enrichie La veille strat\u00e9gique traditionnelle, bien qu&rsquo;essentielle, repose souvent sur l&rsquo;analyse de...<\/p><\/div><\/div><div class=\"wpr-grid-item-read-more elementor-repeater-item-8e198e8 wpr-grid-item-display-block wpr-grid-item-align-left\"><div class=\"inner-block\"><a target=\"_self\" href=\"https:\/\/285222.peda.univ-lille.fr\/2025\/wordpress\/?p=387\" class=\"wpr-button-effect wpr-button-none\"><span>Lire l&#039;article<\/span><\/a><\/div><\/div><\/div><\/div><\/article><article class=\"wpr-grid-item elementor-clearfix post-384 post type-post status-publish format-standard has-post-thumbnail hentry category-outils-ia-pour-la-veille\"><div class=\"wpr-grid-item-inner\"><div class=\"wpr-grid-media-wrap wpr-effect-size-medium \" data-overlay-link=\"yes\"><div class=\"wpr-grid-image-wrap\" data-src=\"https:\/\/285222.peda.univ-lille.fr\/2025\/wordpress\/wp-content\/uploads\/2025\/04\/39481621.webp\" data-img-on-hover=\"\"  data-src-secondary=\"\"><img decoding=\"async\" data-no-lazy=\"1\" src=\"https:\/\/285222.peda.univ-lille.fr\/2025\/wordpress\/wp-content\/uploads\/2025\/04\/39481621.webp\" alt=\"Les Plateformes Low-Code\/No-Code d&rsquo;IA pour veilleurs non techniques\" class=\"wpr-anim-timing-ease-default\"><\/div><div class=\"wpr-grid-media-hover wpr-animation-wrap\"><div class=\"wpr-grid-media-hover-bg  wpr-overlay-fade-in wpr-anim-size-large wpr-anim-timing-ease-default wpr-anim-transparency\" data-url=\"https:\/\/285222.peda.univ-lille.fr\/2025\/wordpress\/?p=384\"><\/div><\/div><\/div><div class=\"wpr-grid-item-below-content elementor-clearfix\"><h2 class=\"wpr-grid-item-title elementor-repeater-item-175aff0 wpr-grid-item-display-block wpr-grid-item-align-left wpr-pointer-none wpr-pointer-line-fx wpr-pointer-fx-fade\"><div class=\"inner-block\"><a target=\"_self\"  href=\"https:\/\/285222.peda.univ-lille.fr\/2025\/wordpress\/?p=384\">Les Plateformes Low-Code\/No-Code d&rsquo;IA pour veilleurs non techniques<\/a><\/div><\/h2><div class=\"wpr-grid-item-date elementor-repeater-item-b4899e6 wpr-grid-item-display-inline wpr-grid-item-align-left\"><div class=\"inner-block\"><span>18 avril 2025<span class=\"wpr-grid-extra-text-right\"><\/span><\/span><\/div><\/div><div class=\"wpr-grid-item-excerpt elementor-repeater-item-19c9d30 wpr-grid-item-display-block wpr-grid-item-align-left\"><div class=\"inner-block\"><p>Introduction : d\u00e9mocratiser l&rsquo;acc\u00e8s \u00e0 l&rsquo;IA pour les experts m\u00e9tier L&rsquo;int\u00e9gration de l&rsquo;intelligence artificielle (IA) r\u00e9volutionne la veille strat\u00e9gique, en...<\/p><\/div><\/div><div class=\"wpr-grid-item-read-more elementor-repeater-item-8e198e8 wpr-grid-item-display-block wpr-grid-item-align-left\"><div class=\"inner-block\"><a target=\"_self\" href=\"https:\/\/285222.peda.univ-lille.fr\/2025\/wordpress\/?p=384\" class=\"wpr-button-effect wpr-button-none\"><span>Lire l&#039;article<\/span><\/a><\/div><\/div><\/div><\/div><\/article><article class=\"wpr-grid-item elementor-clearfix post-381 post type-post status-publish format-standard has-post-thumbnail hentry category-outils-ia-pour-la-veille\"><div class=\"wpr-grid-item-inner\"><div class=\"wpr-grid-media-wrap wpr-effect-size-medium \" data-overlay-link=\"yes\"><div class=\"wpr-grid-image-wrap\" data-src=\"https:\/\/285222.peda.univ-lille.fr\/2025\/wordpress\/wp-content\/uploads\/2025\/04\/AdobeStock_549745269.jpg\" data-img-on-hover=\"\"  data-src-secondary=\"\"><img decoding=\"async\" data-no-lazy=\"1\" src=\"https:\/\/285222.peda.univ-lille.fr\/2025\/wordpress\/wp-content\/uploads\/2025\/04\/AdobeStock_549745269.jpg\" alt=\"Visualisation augment\u00e9e de la veille : quand l\u2019IA dessine les dynamiques informationnelles\" class=\"wpr-anim-timing-ease-default\"><\/div><div class=\"wpr-grid-media-hover wpr-animation-wrap\"><div class=\"wpr-grid-media-hover-bg  wpr-overlay-fade-in wpr-anim-size-large wpr-anim-timing-ease-default wpr-anim-transparency\" data-url=\"https:\/\/285222.peda.univ-lille.fr\/2025\/wordpress\/?p=381\"><\/div><\/div><\/div><div class=\"wpr-grid-item-below-content elementor-clearfix\"><h2 class=\"wpr-grid-item-title elementor-repeater-item-175aff0 wpr-grid-item-display-block wpr-grid-item-align-left wpr-pointer-none wpr-pointer-line-fx wpr-pointer-fx-fade\"><div class=\"inner-block\"><a target=\"_self\"  href=\"https:\/\/285222.peda.univ-lille.fr\/2025\/wordpress\/?p=381\">Visualisation augment\u00e9e de la veille : quand l\u2019IA dessine les dynamiques informationnelles<\/a><\/div><\/h2><div class=\"wpr-grid-item-date elementor-repeater-item-b4899e6 wpr-grid-item-display-inline wpr-grid-item-align-left\"><div class=\"inner-block\"><span>18 avril 2025<span class=\"wpr-grid-extra-text-right\"><\/span><\/span><\/div><\/div><div class=\"wpr-grid-item-excerpt elementor-repeater-item-19c9d30 wpr-grid-item-display-block wpr-grid-item-align-left\"><div class=\"inner-block\"><p>Introduction : le d\u00e9fi de la surcharge informationnelle La veille strat\u00e9gique contemporaine se d\u00e9roule dans un environnement num\u00e9rique marqu\u00e9 par...<\/p><\/div><\/div><div class=\"wpr-grid-item-read-more elementor-repeater-item-8e198e8 wpr-grid-item-display-block wpr-grid-item-align-left\"><div class=\"inner-block\"><a target=\"_self\" href=\"https:\/\/285222.peda.univ-lille.fr\/2025\/wordpress\/?p=381\" class=\"wpr-button-effect wpr-button-none\"><span>Lire l&#039;article<\/span><\/a><\/div><\/div><\/div><\/div><\/article><article class=\"wpr-grid-item elementor-clearfix post-377 post type-post status-publish format-standard has-post-thumbnail hentry category-dossier-special\"><div class=\"wpr-grid-item-inner\"><div class=\"wpr-grid-media-wrap wpr-effect-size-medium \" data-overlay-link=\"yes\"><div class=\"wpr-grid-image-wrap\" data-src=\"https:\/\/285222.peda.univ-lille.fr\/2025\/wordpress\/wp-content\/uploads\/2025\/04\/illustration-partenariat-presse-ecrite-et-ia.webp\" data-img-on-hover=\"\"  data-src-secondary=\"\"><img decoding=\"async\" data-no-lazy=\"1\" src=\"https:\/\/285222.peda.univ-lille.fr\/2025\/wordpress\/wp-content\/uploads\/2025\/04\/illustration-partenariat-presse-ecrite-et-ia.webp\" alt=\"L\u2019Intelligence artificielle au service de la veille strat\u00e9gique: Automatisation de la d\u00e9tection des signaux faibles\" class=\"wpr-anim-timing-ease-default\"><\/div><div class=\"wpr-grid-media-hover wpr-animation-wrap\"><div class=\"wpr-grid-media-hover-bg  wpr-overlay-fade-in wpr-anim-size-large wpr-anim-timing-ease-default wpr-anim-transparency\" data-url=\"https:\/\/285222.peda.univ-lille.fr\/2025\/wordpress\/?p=377\"><\/div><\/div><\/div><div class=\"wpr-grid-item-below-content elementor-clearfix\"><h2 class=\"wpr-grid-item-title elementor-repeater-item-175aff0 wpr-grid-item-display-block wpr-grid-item-align-left wpr-pointer-none wpr-pointer-line-fx wpr-pointer-fx-fade\"><div class=\"inner-block\"><a target=\"_self\"  href=\"https:\/\/285222.peda.univ-lille.fr\/2025\/wordpress\/?p=377\">L\u2019Intelligence artificielle au service de la veille strat\u00e9gique: Automatisation de la d\u00e9tection des signaux faibles<\/a><\/div><\/h2><div class=\"wpr-grid-item-date elementor-repeater-item-b4899e6 wpr-grid-item-display-inline wpr-grid-item-align-left\"><div class=\"inner-block\"><span>18 avril 2025<span class=\"wpr-grid-extra-text-right\"><\/span><\/span><\/div><\/div><div class=\"wpr-grid-item-excerpt elementor-repeater-item-19c9d30 wpr-grid-item-display-block wpr-grid-item-align-left\"><div class=\"inner-block\"><p>Introduction \u00c0 l\u2019heure o\u00f9 l\u2019information circule \u00e0 une vitesse fulgurante, la veille strat\u00e9gique s\u2019impose comme un levier d\u00e9cisif pour des...<\/p><\/div><\/div><div class=\"wpr-grid-item-read-more elementor-repeater-item-8e198e8 wpr-grid-item-display-block wpr-grid-item-align-left\"><div class=\"inner-block\"><a target=\"_self\" href=\"https:\/\/285222.peda.univ-lille.fr\/2025\/wordpress\/?p=377\" class=\"wpr-button-effect wpr-button-none\"><span>Lire l&#039;article<\/span><\/a><\/div><\/div><\/div><\/div><\/article><article class=\"wpr-grid-item elementor-clearfix post-223 post type-post status-publish format-standard has-post-thumbnail hentry category-outils-ia-pour-la-veille\"><div class=\"wpr-grid-item-inner\"><div class=\"wpr-grid-media-wrap wpr-effect-size-medium \" data-overlay-link=\"yes\"><div class=\"wpr-grid-image-wrap\" data-src=\"https:\/\/285222.peda.univ-lille.fr\/2025\/wordpress\/wp-content\/uploads\/2025\/04\/65201f647a33015914399af9_I.A.-generative-wide.webp\" data-img-on-hover=\"\"  data-src-secondary=\"\"><img decoding=\"async\" data-no-lazy=\"1\" src=\"https:\/\/285222.peda.univ-lille.fr\/2025\/wordpress\/wp-content\/uploads\/2025\/04\/65201f647a33015914399af9_I.A.-generative-wide.webp\" alt=\"De l\u2019analyse lexicale \u00e0 la synth\u00e8se strat\u00e9gique : l\u2019IA au c\u0153ur de la transformation documentaire\" class=\"wpr-anim-timing-ease-default\"><\/div><div class=\"wpr-grid-media-hover wpr-animation-wrap\"><div class=\"wpr-grid-media-hover-bg  wpr-overlay-fade-in wpr-anim-size-large wpr-anim-timing-ease-default wpr-anim-transparency\" data-url=\"https:\/\/285222.peda.univ-lille.fr\/2025\/wordpress\/?p=223\"><\/div><\/div><\/div><div class=\"wpr-grid-item-below-content elementor-clearfix\"><h2 class=\"wpr-grid-item-title elementor-repeater-item-175aff0 wpr-grid-item-display-block wpr-grid-item-align-left wpr-pointer-none wpr-pointer-line-fx wpr-pointer-fx-fade\"><div class=\"inner-block\"><a target=\"_self\"  href=\"https:\/\/285222.peda.univ-lille.fr\/2025\/wordpress\/?p=223\">De l\u2019analyse lexicale \u00e0 la synth\u00e8se strat\u00e9gique : l\u2019IA au c\u0153ur de la transformation documentaire<\/a><\/div><\/h2><div class=\"wpr-grid-item-date elementor-repeater-item-b4899e6 wpr-grid-item-display-inline wpr-grid-item-align-left\"><div class=\"inner-block\"><span>17 avril 2025<span class=\"wpr-grid-extra-text-right\"><\/span><\/span><\/div><\/div><div class=\"wpr-grid-item-excerpt elementor-repeater-item-19c9d30 wpr-grid-item-display-block wpr-grid-item-align-left\"><div class=\"inner-block\"><p>1. IA et veille documentaire Les professionnels de la veille et de l&rsquo;intelligence \u00e9conomique sont aujourd&rsquo;hui submerg\u00e9s par un volume...<\/p><\/div><\/div><div class=\"wpr-grid-item-read-more elementor-repeater-item-8e198e8 wpr-grid-item-display-block wpr-grid-item-align-left\"><div class=\"inner-block\"><a target=\"_self\" href=\"https:\/\/285222.peda.univ-lille.fr\/2025\/wordpress\/?p=223\" class=\"wpr-button-effect wpr-button-none\"><span>Lire l&#039;article<\/span><\/a><\/div><\/div><\/div><\/div><\/article><article class=\"wpr-grid-item elementor-clearfix post-219 post type-post status-publish format-standard has-post-thumbnail hentry category-outils-ia-pour-la-veille\"><div class=\"wpr-grid-item-inner\"><div class=\"wpr-grid-media-wrap wpr-effect-size-medium \" data-overlay-link=\"yes\"><div class=\"wpr-grid-image-wrap\" data-src=\"https:\/\/285222.peda.univ-lille.fr\/2025\/wordpress\/wp-content\/uploads\/2025\/04\/dall-e-2022-11-24-22-06-18-multicolor-3d-render-of-a-happy-robot-artist-painting-a-human-with-a-computer-nearby-in-panoramic-format-1024x1024-1.webp\" data-img-on-hover=\"\"  data-src-secondary=\"\"><img decoding=\"async\" data-no-lazy=\"1\" src=\"https:\/\/285222.peda.univ-lille.fr\/2025\/wordpress\/wp-content\/uploads\/2025\/04\/dall-e-2022-11-24-22-06-18-multicolor-3d-render-of-a-happy-robot-artist-painting-a-human-with-a-computer-nearby-in-panoramic-format-1024x1024-1.webp\" alt=\"API, IA et scraping \u00e9thique : les nouvelles pratiques de collecte automatis\u00e9e\" class=\"wpr-anim-timing-ease-default\"><\/div><div class=\"wpr-grid-media-hover wpr-animation-wrap\"><div class=\"wpr-grid-media-hover-bg  wpr-overlay-fade-in wpr-anim-size-large wpr-anim-timing-ease-default wpr-anim-transparency\" data-url=\"https:\/\/285222.peda.univ-lille.fr\/2025\/wordpress\/?p=219\"><\/div><\/div><\/div><div class=\"wpr-grid-item-below-content elementor-clearfix\"><h2 class=\"wpr-grid-item-title elementor-repeater-item-175aff0 wpr-grid-item-display-block wpr-grid-item-align-left wpr-pointer-none wpr-pointer-line-fx wpr-pointer-fx-fade\"><div class=\"inner-block\"><a target=\"_self\"  href=\"https:\/\/285222.peda.univ-lille.fr\/2025\/wordpress\/?p=219\">API, IA et scraping \u00e9thique : les nouvelles pratiques de collecte automatis\u00e9e<\/a><\/div><\/h2><div class=\"wpr-grid-item-date elementor-repeater-item-b4899e6 wpr-grid-item-display-inline wpr-grid-item-align-left\"><div class=\"inner-block\"><span>17 avril 2025<span class=\"wpr-grid-extra-text-right\"><\/span><\/span><\/div><\/div><div class=\"wpr-grid-item-excerpt elementor-repeater-item-19c9d30 wpr-grid-item-display-block wpr-grid-item-align-left\"><div class=\"inner-block\"><p>1. Vers une veille plus \u00e9thique? La collecte automatis\u00e9e de donn\u00e9es sur le web est une pierre angulaire de la...<\/p><\/div><\/div><div class=\"wpr-grid-item-read-more elementor-repeater-item-8e198e8 wpr-grid-item-display-block wpr-grid-item-align-left\"><div class=\"inner-block\"><a target=\"_self\" href=\"https:\/\/285222.peda.univ-lille.fr\/2025\/wordpress\/?p=219\" class=\"wpr-button-effect wpr-button-none\"><span>Lire l&#039;article<\/span><\/a><\/div><\/div><\/div><\/div><\/article><article class=\"wpr-grid-item elementor-clearfix post-214 post type-post status-publish format-standard has-post-thumbnail hentry category-outils-ia-pour-la-veille\"><div class=\"wpr-grid-item-inner\"><div class=\"wpr-grid-media-wrap wpr-effect-size-medium \" data-overlay-link=\"yes\"><div class=\"wpr-grid-image-wrap\" data-src=\"https:\/\/285222.peda.univ-lille.fr\/2025\/wordpress\/wp-content\/uploads\/2025\/04\/Schema-article-Veille-ok-umantex-1-1536x864-1.webp\" data-img-on-hover=\"\"  data-src-secondary=\"\"><img decoding=\"async\" data-no-lazy=\"1\" src=\"https:\/\/285222.peda.univ-lille.fr\/2025\/wordpress\/wp-content\/uploads\/2025\/04\/Schema-article-Veille-ok-umantex-1-1536x864-1.webp\" alt=\"\ud83c\udfaf Comment exploiter les agents conversationnels pour la collecte de donn\u00e9es de veille\" class=\"wpr-anim-timing-ease-default\"><\/div><div class=\"wpr-grid-media-hover wpr-animation-wrap\"><div class=\"wpr-grid-media-hover-bg  wpr-overlay-fade-in wpr-anim-size-large wpr-anim-timing-ease-default wpr-anim-transparency\" data-url=\"https:\/\/285222.peda.univ-lille.fr\/2025\/wordpress\/?p=214\"><\/div><\/div><\/div><div class=\"wpr-grid-item-below-content elementor-clearfix\"><h2 class=\"wpr-grid-item-title elementor-repeater-item-175aff0 wpr-grid-item-display-block wpr-grid-item-align-left wpr-pointer-none wpr-pointer-line-fx wpr-pointer-fx-fade\"><div class=\"inner-block\"><a target=\"_self\"  href=\"https:\/\/285222.peda.univ-lille.fr\/2025\/wordpress\/?p=214\">\ud83c\udfaf Comment exploiter les agents conversationnels pour la collecte de donn\u00e9es de veille<\/a><\/div><\/h2><div class=\"wpr-grid-item-date elementor-repeater-item-b4899e6 wpr-grid-item-display-inline wpr-grid-item-align-left\"><div class=\"inner-block\"><span>17 avril 2025<span class=\"wpr-grid-extra-text-right\"><\/span><\/span><\/div><\/div><div class=\"wpr-grid-item-excerpt elementor-repeater-item-19c9d30 wpr-grid-item-display-block wpr-grid-item-align-left\"><div class=\"inner-block\"><p>Les agents conversationnels \u2013 plus connus sous les noms de chatbots ou assistants virtuels \u2013 sont aujourd\u2019hui des interfaces incontournables...<\/p><\/div><\/div><div class=\"wpr-grid-item-read-more elementor-repeater-item-8e198e8 wpr-grid-item-display-block wpr-grid-item-align-left\"><div class=\"inner-block\"><a target=\"_self\" href=\"https:\/\/285222.peda.univ-lille.fr\/2025\/wordpress\/?p=214\" class=\"wpr-button-effect wpr-button-none\"><span>Lire l&#039;article<\/span><\/a><\/div><\/div><\/div><\/div><\/article><article class=\"wpr-grid-item elementor-clearfix post-210 post type-post status-publish format-standard has-post-thumbnail hentry category-outils-ia-pour-la-veille\"><div class=\"wpr-grid-item-inner\"><div class=\"wpr-grid-media-wrap wpr-effect-size-medium \" data-overlay-link=\"yes\"><div class=\"wpr-grid-image-wrap\" data-src=\"https:\/\/285222.peda.univ-lille.fr\/2025\/wordpress\/wp-content\/uploads\/2025\/04\/Veille-commerciale-definition-outils-et-strategies-1536x878-1.webp\" data-img-on-hover=\"\"  data-src-secondary=\"\"><img decoding=\"async\" data-no-lazy=\"1\" src=\"https:\/\/285222.peda.univ-lille.fr\/2025\/wordpress\/wp-content\/uploads\/2025\/04\/Veille-commerciale-definition-outils-et-strategies-1536x878-1.webp\" alt=\"L\u2019essor des assistants de curation intelligente : vers une veille sans friction\" class=\"wpr-anim-timing-ease-default\"><\/div><div class=\"wpr-grid-media-hover wpr-animation-wrap\"><div class=\"wpr-grid-media-hover-bg  wpr-overlay-fade-in wpr-anim-size-large wpr-anim-timing-ease-default wpr-anim-transparency\" data-url=\"https:\/\/285222.peda.univ-lille.fr\/2025\/wordpress\/?p=210\"><\/div><\/div><\/div><div class=\"wpr-grid-item-below-content elementor-clearfix\"><h2 class=\"wpr-grid-item-title elementor-repeater-item-175aff0 wpr-grid-item-display-block wpr-grid-item-align-left wpr-pointer-none wpr-pointer-line-fx wpr-pointer-fx-fade\"><div class=\"inner-block\"><a target=\"_self\"  href=\"https:\/\/285222.peda.univ-lille.fr\/2025\/wordpress\/?p=210\">L\u2019essor des assistants de curation intelligente : vers une veille sans friction<\/a><\/div><\/h2><div class=\"wpr-grid-item-date elementor-repeater-item-b4899e6 wpr-grid-item-display-inline wpr-grid-item-align-left\"><div class=\"inner-block\"><span>17 avril 2025<span class=\"wpr-grid-extra-text-right\"><\/span><\/span><\/div><\/div><div class=\"wpr-grid-item-excerpt elementor-repeater-item-19c9d30 wpr-grid-item-display-block wpr-grid-item-align-left\"><div class=\"inner-block\"><p>1. Introduction Dans l&rsquo;oc\u00e9an informationnel actuel, la capacit\u00e9 \u00e0 identifier, s\u00e9lectionner et partager les informations les plus pertinentes \u2013 la...<\/p><\/div><\/div><div class=\"wpr-grid-item-read-more elementor-repeater-item-8e198e8 wpr-grid-item-display-block wpr-grid-item-align-left\"><div class=\"inner-block\"><a target=\"_self\" href=\"https:\/\/285222.peda.univ-lille.fr\/2025\/wordpress\/?p=210\" class=\"wpr-button-effect wpr-button-none\"><span>Lire l&#039;article<\/span><\/a><\/div><\/div><\/div><\/div><\/article><article class=\"wpr-grid-item elementor-clearfix post-206 post type-post status-publish format-standard has-post-thumbnail hentry category-outils-ia-pour-la-veille\"><div class=\"wpr-grid-item-inner\"><div class=\"wpr-grid-media-wrap wpr-effect-size-medium \" data-overlay-link=\"yes\"><div class=\"wpr-grid-image-wrap\" data-src=\"https:\/\/285222.peda.univ-lille.fr\/2025\/wordpress\/wp-content\/uploads\/2025\/04\/ia-finance.jpg\" data-img-on-hover=\"\"  data-src-secondary=\"\"><img decoding=\"async\" data-no-lazy=\"1\" src=\"https:\/\/285222.peda.univ-lille.fr\/2025\/wordpress\/wp-content\/uploads\/2025\/04\/ia-finance.jpg\" alt=\"Int\u00e9grer l\u2019IA dans son workflow de veille : m\u00e9thodes pratiques et erreurs \u00e0 \u00e9viter\" class=\"wpr-anim-timing-ease-default\"><\/div><div class=\"wpr-grid-media-hover wpr-animation-wrap\"><div class=\"wpr-grid-media-hover-bg  wpr-overlay-fade-in wpr-anim-size-large wpr-anim-timing-ease-default wpr-anim-transparency\" data-url=\"https:\/\/285222.peda.univ-lille.fr\/2025\/wordpress\/?p=206\"><\/div><\/div><\/div><div class=\"wpr-grid-item-below-content elementor-clearfix\"><h2 class=\"wpr-grid-item-title elementor-repeater-item-175aff0 wpr-grid-item-display-block wpr-grid-item-align-left wpr-pointer-none wpr-pointer-line-fx wpr-pointer-fx-fade\"><div class=\"inner-block\"><a target=\"_self\"  href=\"https:\/\/285222.peda.univ-lille.fr\/2025\/wordpress\/?p=206\">Int\u00e9grer l\u2019IA dans son workflow de veille : m\u00e9thodes pratiques et erreurs \u00e0 \u00e9viter<\/a><\/div><\/h2><div class=\"wpr-grid-item-date elementor-repeater-item-b4899e6 wpr-grid-item-display-inline wpr-grid-item-align-left\"><div class=\"inner-block\"><span>17 avril 2025<span class=\"wpr-grid-extra-text-right\"><\/span><\/span><\/div><\/div><div class=\"wpr-grid-item-excerpt elementor-repeater-item-19c9d30 wpr-grid-item-display-block wpr-grid-item-align-left\"><div class=\"inner-block\"><p>1.L&rsquo;IA \u00e0 nos trousses L&rsquo;intelligence artificielle (IA) n&rsquo;est plus une perspective lointaine mais un levier op\u00e9rationnel tangible pour l&rsquo;optimisation des...<\/p><\/div><\/div><div class=\"wpr-grid-item-read-more elementor-repeater-item-8e198e8 wpr-grid-item-display-block wpr-grid-item-align-left\"><div class=\"inner-block\"><a target=\"_self\" href=\"https:\/\/285222.peda.univ-lille.fr\/2025\/wordpress\/?p=206\" class=\"wpr-button-effect wpr-button-none\"><span>Lire l&#039;article<\/span><\/a><\/div><\/div><\/div><\/div><\/article><article class=\"wpr-grid-item elementor-clearfix post-202 post type-post status-publish format-standard has-post-thumbnail hentry category-outils-ia-pour-la-veille\"><div class=\"wpr-grid-item-inner\"><div class=\"wpr-grid-media-wrap wpr-effect-size-medium \" data-overlay-link=\"yes\"><div class=\"wpr-grid-image-wrap\" data-src=\"https:\/\/285222.peda.univ-lille.fr\/2025\/wordpress\/wp-content\/uploads\/2025\/04\/image-IA-930x562-1.jpg\" data-img-on-hover=\"\"  data-src-secondary=\"\"><img decoding=\"async\" data-no-lazy=\"1\" src=\"https:\/\/285222.peda.univ-lille.fr\/2025\/wordpress\/wp-content\/uploads\/2025\/04\/image-IA-930x562-1.jpg\" alt=\"Comparatif 2025 : les 7 meilleurs outils d\u2019IA pour automatiser la veille sectorielle\" class=\"wpr-anim-timing-ease-default\"><\/div><div class=\"wpr-grid-media-hover wpr-animation-wrap\"><div class=\"wpr-grid-media-hover-bg  wpr-overlay-fade-in wpr-anim-size-large wpr-anim-timing-ease-default wpr-anim-transparency\" data-url=\"https:\/\/285222.peda.univ-lille.fr\/2025\/wordpress\/?p=202\"><\/div><\/div><\/div><div class=\"wpr-grid-item-below-content elementor-clearfix\"><h2 class=\"wpr-grid-item-title elementor-repeater-item-175aff0 wpr-grid-item-display-block wpr-grid-item-align-left wpr-pointer-none wpr-pointer-line-fx wpr-pointer-fx-fade\"><div class=\"inner-block\"><a target=\"_self\"  href=\"https:\/\/285222.peda.univ-lille.fr\/2025\/wordpress\/?p=202\">Comparatif 2025 : les 7 meilleurs outils d\u2019IA pour automatiser la veille sectorielle<\/a><\/div><\/h2><div class=\"wpr-grid-item-date elementor-repeater-item-b4899e6 wpr-grid-item-display-inline wpr-grid-item-align-left\"><div class=\"inner-block\"><span>17 avril 2025<span class=\"wpr-grid-extra-text-right\"><\/span><\/span><\/div><\/div><div class=\"wpr-grid-item-excerpt elementor-repeater-item-19c9d30 wpr-grid-item-display-block wpr-grid-item-align-left\"><div class=\"inner-block\"><p>1. Des outils d&rsquo;aide \u00e0 la d\u00e9cision Dans un environnement \u00e9conomique caract\u00e9ris\u00e9 par une acc\u00e9l\u00e9ration constante et une surabondance informationnelle,...<\/p><\/div><\/div><div class=\"wpr-grid-item-read-more elementor-repeater-item-8e198e8 wpr-grid-item-display-block wpr-grid-item-align-left\"><div class=\"inner-block\"><a target=\"_self\" href=\"https:\/\/285222.peda.univ-lille.fr\/2025\/wordpress\/?p=202\" class=\"wpr-button-effect wpr-button-none\"><span>Lire l&#039;article<\/span><\/a><\/div><\/div><\/div><\/div><\/article><article class=\"wpr-grid-item elementor-clearfix post-198 post type-post status-publish format-standard has-post-thumbnail hentry category-ia-et-veille-concurrentielle\"><div class=\"wpr-grid-item-inner\"><div class=\"wpr-grid-media-wrap wpr-effect-size-medium \" data-overlay-link=\"yes\"><div class=\"wpr-grid-image-wrap\" data-src=\"https:\/\/285222.peda.univ-lille.fr\/2025\/wordpress\/wp-content\/uploads\/2025\/04\/intelligence-artificielle-midjourney-860x484-1.jpg\" data-img-on-hover=\"\"  data-src-secondary=\"\"><img decoding=\"async\" data-no-lazy=\"1\" src=\"https:\/\/285222.peda.univ-lille.fr\/2025\/wordpress\/wp-content\/uploads\/2025\/04\/intelligence-artificielle-midjourney-860x484-1.jpg\" alt=\"La personnalisation de la veille\u00a0: une arme discr\u00e8te mais d\u00e9cisive dans l\u2019ar\u00e8ne concurrentielle\" class=\"wpr-anim-timing-ease-default\"><\/div><div class=\"wpr-grid-media-hover wpr-animation-wrap\"><div class=\"wpr-grid-media-hover-bg  wpr-overlay-fade-in wpr-anim-size-large wpr-anim-timing-ease-default wpr-anim-transparency\" data-url=\"https:\/\/285222.peda.univ-lille.fr\/2025\/wordpress\/?p=198\"><\/div><\/div><\/div><div class=\"wpr-grid-item-below-content elementor-clearfix\"><h2 class=\"wpr-grid-item-title elementor-repeater-item-175aff0 wpr-grid-item-display-block wpr-grid-item-align-left wpr-pointer-none wpr-pointer-line-fx wpr-pointer-fx-fade\"><div class=\"inner-block\"><a target=\"_self\"  href=\"https:\/\/285222.peda.univ-lille.fr\/2025\/wordpress\/?p=198\">La personnalisation de la veille\u00a0: une arme discr\u00e8te mais d\u00e9cisive dans l\u2019ar\u00e8ne concurrentielle<\/a><\/div><\/h2><div class=\"wpr-grid-item-date elementor-repeater-item-b4899e6 wpr-grid-item-display-inline wpr-grid-item-align-left\"><div class=\"inner-block\"><span>17 avril 2025<span class=\"wpr-grid-extra-text-right\"><\/span><\/span><\/div><\/div><div class=\"wpr-grid-item-excerpt elementor-repeater-item-19c9d30 wpr-grid-item-display-block wpr-grid-item-align-left\"><div class=\"inner-block\"><p>Avoir de l\u2019information, c\u2019est bien. Avoir l\u2019information pertinente, au bon moment, pour la bonne personne, c\u2019est mieux \u2013 et c\u2019est...<\/p><\/div><\/div><div class=\"wpr-grid-item-read-more elementor-repeater-item-8e198e8 wpr-grid-item-display-block wpr-grid-item-align-left\"><div class=\"inner-block\"><a target=\"_self\" href=\"https:\/\/285222.peda.univ-lille.fr\/2025\/wordpress\/?p=198\" class=\"wpr-button-effect wpr-button-none\"><span>Lire l&#039;article<\/span><\/a><\/div><\/div><\/div><\/div><\/article><article class=\"wpr-grid-item elementor-clearfix post-195 post type-post status-publish format-standard has-post-thumbnail hentry category-ia-et-veille-concurrentielle\"><div class=\"wpr-grid-item-inner\"><div class=\"wpr-grid-media-wrap wpr-effect-size-medium \" data-overlay-link=\"yes\"><div class=\"wpr-grid-image-wrap\" data-src=\"https:\/\/285222.peda.univ-lille.fr\/2025\/wordpress\/wp-content\/uploads\/2025\/04\/IA-vs-IAgen.jpg\" data-img-on-hover=\"\"  data-src-secondary=\"\"><img decoding=\"async\" data-no-lazy=\"1\" src=\"https:\/\/285222.peda.univ-lille.fr\/2025\/wordpress\/wp-content\/uploads\/2025\/04\/IA-vs-IAgen.jpg\" alt=\"Panorama des plateformes d\u2019IA utilis\u00e9es pour l\u2019analyse de la concurrence en temps r\u00e9el\" class=\"wpr-anim-timing-ease-default\"><\/div><div class=\"wpr-grid-media-hover wpr-animation-wrap\"><div class=\"wpr-grid-media-hover-bg  wpr-overlay-fade-in wpr-anim-size-large wpr-anim-timing-ease-default wpr-anim-transparency\" data-url=\"https:\/\/285222.peda.univ-lille.fr\/2025\/wordpress\/?p=195\"><\/div><\/div><\/div><div class=\"wpr-grid-item-below-content elementor-clearfix\"><h2 class=\"wpr-grid-item-title elementor-repeater-item-175aff0 wpr-grid-item-display-block wpr-grid-item-align-left wpr-pointer-none wpr-pointer-line-fx wpr-pointer-fx-fade\"><div class=\"inner-block\"><a target=\"_self\"  href=\"https:\/\/285222.peda.univ-lille.fr\/2025\/wordpress\/?p=195\">Panorama des plateformes d\u2019IA utilis\u00e9es pour l\u2019analyse de la concurrence en temps r\u00e9el<\/a><\/div><\/h2><div class=\"wpr-grid-item-date elementor-repeater-item-b4899e6 wpr-grid-item-display-inline wpr-grid-item-align-left\"><div class=\"inner-block\"><span>17 avril 2025<span class=\"wpr-grid-extra-text-right\"><\/span><\/span><\/div><\/div><div class=\"wpr-grid-item-excerpt elementor-repeater-item-19c9d30 wpr-grid-item-display-block wpr-grid-item-align-left\"><div class=\"inner-block\"><p>Face \u00e0 la profusion de donn\u00e9es et \u00e0 l\u2019acc\u00e9l\u00e9ration des cycles concurrents, de nombreuses plateformes d\u2019IA ont \u00e9merg\u00e9 pour aider...<\/p><\/div><\/div><div class=\"wpr-grid-item-read-more elementor-repeater-item-8e198e8 wpr-grid-item-display-block wpr-grid-item-align-left\"><div class=\"inner-block\"><a target=\"_self\" href=\"https:\/\/285222.peda.univ-lille.fr\/2025\/wordpress\/?p=195\" class=\"wpr-button-effect wpr-button-none\"><span>Lire l&#039;article<\/span><\/a><\/div><\/div><\/div><\/div><\/article><article class=\"wpr-grid-item elementor-clearfix post-191 post type-post status-publish format-standard has-post-thumbnail hentry category-ia-et-veille-concurrentielle\"><div class=\"wpr-grid-item-inner\"><div class=\"wpr-grid-media-wrap wpr-effect-size-medium \" data-overlay-link=\"yes\"><div class=\"wpr-grid-image-wrap\" data-src=\"https:\/\/285222.peda.univ-lille.fr\/2025\/wordpress\/wp-content\/uploads\/2025\/04\/istock-1031459542.jpg\" data-img-on-hover=\"\"  data-src-secondary=\"\"><img decoding=\"async\" data-no-lazy=\"1\" src=\"https:\/\/285222.peda.univ-lille.fr\/2025\/wordpress\/wp-content\/uploads\/2025\/04\/istock-1031459542.jpg\" alt=\"Human businessman cooperation with robot concept. Global business automatization and artificial intelligence assistance illustration.\" class=\"wpr-anim-timing-ease-default\"><\/div><div class=\"wpr-grid-media-hover wpr-animation-wrap\"><div class=\"wpr-grid-media-hover-bg  wpr-overlay-fade-in wpr-anim-size-large wpr-anim-timing-ease-default wpr-anim-transparency\" data-url=\"https:\/\/285222.peda.univ-lille.fr\/2025\/wordpress\/?p=191\"><\/div><\/div><\/div><div class=\"wpr-grid-item-below-content elementor-clearfix\"><h2 class=\"wpr-grid-item-title elementor-repeater-item-175aff0 wpr-grid-item-display-block wpr-grid-item-align-left wpr-pointer-none wpr-pointer-line-fx wpr-pointer-fx-fade\"><div class=\"inner-block\"><a target=\"_self\"  href=\"https:\/\/285222.peda.univ-lille.fr\/2025\/wordpress\/?p=191\">La d\u00e9sinterm\u00e9diation sectorielle vue par l\u2019IA\u00a0: une alerte strat\u00e9gique pour les PME<\/a><\/div><\/h2><div class=\"wpr-grid-item-date elementor-repeater-item-b4899e6 wpr-grid-item-display-inline wpr-grid-item-align-left\"><div class=\"inner-block\"><span>17 avril 2025<span class=\"wpr-grid-extra-text-right\"><\/span><\/span><\/div><\/div><div class=\"wpr-grid-item-excerpt elementor-repeater-item-19c9d30 wpr-grid-item-display-block wpr-grid-item-align-left\"><div class=\"inner-block\"><p>La d\u00e9sinterm\u00e9diation \u2013 ce processus par lequel un acteur \u00e9limine les interm\u00e9diaires pour acc\u00e9der directement au client final \u2013 est...<\/p><\/div><\/div><div class=\"wpr-grid-item-read-more elementor-repeater-item-8e198e8 wpr-grid-item-display-block wpr-grid-item-align-left\"><div class=\"inner-block\"><a target=\"_self\" href=\"https:\/\/285222.peda.univ-lille.fr\/2025\/wordpress\/?p=191\" class=\"wpr-button-effect wpr-button-none\"><span>Lire l&#039;article<\/span><\/a><\/div><\/div><\/div><\/div><\/article><article class=\"wpr-grid-item elementor-clearfix post-188 post type-post status-publish format-standard has-post-thumbnail hentry category-ia-et-veille-concurrentielle\"><div class=\"wpr-grid-item-inner\"><div class=\"wpr-grid-media-wrap wpr-effect-size-medium \" data-overlay-link=\"yes\"><div class=\"wpr-grid-image-wrap\" data-src=\"https:\/\/285222.peda.univ-lille.fr\/2025\/wordpress\/wp-content\/uploads\/2025\/04\/Veille-centre-affaires.jpg\" data-img-on-hover=\"\"  data-src-secondary=\"\"><img decoding=\"async\" data-no-lazy=\"1\" src=\"https:\/\/285222.peda.univ-lille.fr\/2025\/wordpress\/wp-content\/uploads\/2025\/04\/Veille-centre-affaires.jpg\" alt=\"Du benchmarking \u00e0 la mod\u00e9lisation pr\u00e9dictive\u00a0: m\u00e9tamorphose des outils de veille\" class=\"wpr-anim-timing-ease-default\"><\/div><div class=\"wpr-grid-media-hover wpr-animation-wrap\"><div class=\"wpr-grid-media-hover-bg  wpr-overlay-fade-in wpr-anim-size-large wpr-anim-timing-ease-default wpr-anim-transparency\" data-url=\"https:\/\/285222.peda.univ-lille.fr\/2025\/wordpress\/?p=188\"><\/div><\/div><\/div><div class=\"wpr-grid-item-below-content elementor-clearfix\"><h2 class=\"wpr-grid-item-title elementor-repeater-item-175aff0 wpr-grid-item-display-block wpr-grid-item-align-left wpr-pointer-none wpr-pointer-line-fx wpr-pointer-fx-fade\"><div class=\"inner-block\"><a target=\"_self\"  href=\"https:\/\/285222.peda.univ-lille.fr\/2025\/wordpress\/?p=188\">Du benchmarking \u00e0 la mod\u00e9lisation pr\u00e9dictive\u00a0: m\u00e9tamorphose des outils de veille<\/a><\/div><\/h2><div class=\"wpr-grid-item-date elementor-repeater-item-b4899e6 wpr-grid-item-display-inline wpr-grid-item-align-left\"><div class=\"inner-block\"><span>17 avril 2025<span class=\"wpr-grid-extra-text-right\"><\/span><\/span><\/div><\/div><div class=\"wpr-grid-item-excerpt elementor-repeater-item-19c9d30 wpr-grid-item-display-block wpr-grid-item-align-left\"><div class=\"inner-block\"><p>Les pratiques de veille concurrentielle ont connu une v\u00e9ritable m\u00e9tamorphose au cours de la derni\u00e8re d\u00e9cennie, passant d\u2019un benchmarking statique...<\/p><\/div><\/div><div class=\"wpr-grid-item-read-more elementor-repeater-item-8e198e8 wpr-grid-item-display-block wpr-grid-item-align-left\"><div class=\"inner-block\"><a target=\"_self\" href=\"https:\/\/285222.peda.univ-lille.fr\/2025\/wordpress\/?p=188\" class=\"wpr-button-effect wpr-button-none\"><span>Lire l&#039;article<\/span><\/a><\/div><\/div><\/div><\/div><\/article><article class=\"wpr-grid-item elementor-clearfix post-185 post type-post status-publish format-standard has-post-thumbnail hentry category-ia-et-veille-concurrentielle\"><div class=\"wpr-grid-item-inner\"><div class=\"wpr-grid-media-wrap wpr-effect-size-medium \" data-overlay-link=\"yes\"><div class=\"wpr-grid-image-wrap\" data-src=\"https:\/\/285222.peda.univ-lille.fr\/2025\/wordpress\/wp-content\/uploads\/2025\/04\/ia-generative-methodo-1024x512-1.jpg\" data-img-on-hover=\"\"  data-src-secondary=\"\"><img decoding=\"async\" data-no-lazy=\"1\" src=\"https:\/\/285222.peda.univ-lille.fr\/2025\/wordpress\/wp-content\/uploads\/2025\/04\/ia-generative-methodo-1024x512-1.jpg\" alt=\"Businessman touching the brain working of Artificial Intelligence (AI) in the futuristic business and coding software development on interface and synchronize network connection, IoT, innovative.\" class=\"wpr-anim-timing-ease-default\"><\/div><div class=\"wpr-grid-media-hover wpr-animation-wrap\"><div class=\"wpr-grid-media-hover-bg  wpr-overlay-fade-in wpr-anim-size-large wpr-anim-timing-ease-default wpr-anim-transparency\" data-url=\"https:\/\/285222.peda.univ-lille.fr\/2025\/wordpress\/?p=185\"><\/div><\/div><\/div><div class=\"wpr-grid-item-below-content elementor-clearfix\"><h2 class=\"wpr-grid-item-title elementor-repeater-item-175aff0 wpr-grid-item-display-block wpr-grid-item-align-left wpr-pointer-none wpr-pointer-line-fx wpr-pointer-fx-fade\"><div class=\"inner-block\"><a target=\"_self\"  href=\"https:\/\/285222.peda.univ-lille.fr\/2025\/wordpress\/?p=185\">\u00c9tude de cas\u00a0: comment une startup a d\u00e9tect\u00e9 une menace concurrentielle gr\u00e2ce \u00e0 l\u2019IA<\/a><\/div><\/h2><div class=\"wpr-grid-item-date elementor-repeater-item-b4899e6 wpr-grid-item-display-inline wpr-grid-item-align-left\"><div class=\"inner-block\"><span>17 avril 2025<span class=\"wpr-grid-extra-text-right\"><\/span><\/span><\/div><\/div><div class=\"wpr-grid-item-excerpt elementor-repeater-item-19c9d30 wpr-grid-item-display-block wpr-grid-item-align-left\"><div class=\"inner-block\"><p>Les technologies d\u2019IA appliqu\u00e9es \u00e0 la veille concurrentielle ne sont pas r\u00e9serv\u00e9es qu\u2019aux grands groupes. Illustration \u00e0 travers le cas...<\/p><\/div><\/div><div class=\"wpr-grid-item-read-more elementor-repeater-item-8e198e8 wpr-grid-item-display-block wpr-grid-item-align-left\"><div class=\"inner-block\"><a target=\"_self\" href=\"https:\/\/285222.peda.univ-lille.fr\/2025\/wordpress\/?p=185\" class=\"wpr-button-effect wpr-button-none\"><span>Lire l&#039;article<\/span><\/a><\/div><\/div><\/div><\/div><\/article><article class=\"wpr-grid-item elementor-clearfix post-182 post type-post status-publish format-standard has-post-thumbnail hentry category-ia-et-veille-concurrentielle\"><div class=\"wpr-grid-item-inner\"><div class=\"wpr-grid-media-wrap wpr-effect-size-medium \" data-overlay-link=\"yes\"><div class=\"wpr-grid-image-wrap\" data-src=\"https:\/\/285222.peda.univ-lille.fr\/2025\/wordpress\/wp-content\/uploads\/2025\/04\/capture-decran-2022-04-08-a-14-01-33.png\" data-img-on-hover=\"\"  data-src-secondary=\"\"><img decoding=\"async\" data-no-lazy=\"1\" src=\"https:\/\/285222.peda.univ-lille.fr\/2025\/wordpress\/wp-content\/uploads\/2025\/04\/capture-decran-2022-04-08-a-14-01-33.png\" alt=\"L\u2019automatisation de la surveillance march\u00e9 : enjeux, outils et perspectives\" class=\"wpr-anim-timing-ease-default\"><\/div><div class=\"wpr-grid-media-hover wpr-animation-wrap\"><div class=\"wpr-grid-media-hover-bg  wpr-overlay-fade-in wpr-anim-size-large wpr-anim-timing-ease-default wpr-anim-transparency\" data-url=\"https:\/\/285222.peda.univ-lille.fr\/2025\/wordpress\/?p=182\"><\/div><\/div><\/div><div class=\"wpr-grid-item-below-content elementor-clearfix\"><h2 class=\"wpr-grid-item-title elementor-repeater-item-175aff0 wpr-grid-item-display-block wpr-grid-item-align-left wpr-pointer-none wpr-pointer-line-fx wpr-pointer-fx-fade\"><div class=\"inner-block\"><a target=\"_self\"  href=\"https:\/\/285222.peda.univ-lille.fr\/2025\/wordpress\/?p=182\">L\u2019automatisation de la surveillance march\u00e9 : enjeux, outils et perspectives<\/a><\/div><\/h2><div class=\"wpr-grid-item-date elementor-repeater-item-b4899e6 wpr-grid-item-display-inline wpr-grid-item-align-left\"><div class=\"inner-block\"><span>17 avril 2025<span class=\"wpr-grid-extra-text-right\"><\/span><\/span><\/div><\/div><div class=\"wpr-grid-item-excerpt elementor-repeater-item-19c9d30 wpr-grid-item-display-block wpr-grid-item-align-left\"><div class=\"inner-block\"><p>Surveiller le march\u00e9 en temps r\u00e9el est devenu un imp\u00e9ratif, tant les \u00e9volutions sont rapides et nombreuses. Les m\u00e9thodes manuelles...<\/p><\/div><\/div><div class=\"wpr-grid-item-read-more elementor-repeater-item-8e198e8 wpr-grid-item-display-block wpr-grid-item-align-left\"><div class=\"inner-block\"><a target=\"_self\" href=\"https:\/\/285222.peda.univ-lille.fr\/2025\/wordpress\/?p=182\" class=\"wpr-button-effect wpr-button-none\"><span>Lire l&#039;article<\/span><\/a><\/div><\/div><\/div><\/div><\/article><article class=\"wpr-grid-item elementor-clearfix post-179 post type-post status-publish format-standard has-post-thumbnail hentry category-ia-et-veille-concurrentielle\"><div class=\"wpr-grid-item-inner\"><div class=\"wpr-grid-media-wrap wpr-effect-size-medium \" data-overlay-link=\"yes\"><div class=\"wpr-grid-image-wrap\" data-src=\"https:\/\/285222.peda.univ-lille.fr\/2025\/wordpress\/wp-content\/uploads\/2025\/04\/Intelligence-artificiel-.png\" data-img-on-hover=\"\"  data-src-secondary=\"\"><img decoding=\"async\" data-no-lazy=\"1\" src=\"https:\/\/285222.peda.univ-lille.fr\/2025\/wordpress\/wp-content\/uploads\/2025\/04\/Intelligence-artificiel-.png\" alt=\"L\u2019impact de l\u2019IA g\u00e9n\u00e9rative sur les strat\u00e9gies de diff\u00e9renciation des marques\" class=\"wpr-anim-timing-ease-default\"><\/div><div class=\"wpr-grid-media-hover wpr-animation-wrap\"><div class=\"wpr-grid-media-hover-bg  wpr-overlay-fade-in wpr-anim-size-large wpr-anim-timing-ease-default wpr-anim-transparency\" data-url=\"https:\/\/285222.peda.univ-lille.fr\/2025\/wordpress\/?p=179\"><\/div><\/div><\/div><div class=\"wpr-grid-item-below-content elementor-clearfix\"><h2 class=\"wpr-grid-item-title elementor-repeater-item-175aff0 wpr-grid-item-display-block wpr-grid-item-align-left wpr-pointer-none wpr-pointer-line-fx wpr-pointer-fx-fade\"><div class=\"inner-block\"><a target=\"_self\"  href=\"https:\/\/285222.peda.univ-lille.fr\/2025\/wordpress\/?p=179\">L\u2019impact de l\u2019IA g\u00e9n\u00e9rative sur les strat\u00e9gies de diff\u00e9renciation des marques<\/a><\/div><\/h2><div class=\"wpr-grid-item-date elementor-repeater-item-b4899e6 wpr-grid-item-display-inline wpr-grid-item-align-left\"><div class=\"inner-block\"><span>17 avril 2025<span class=\"wpr-grid-extra-text-right\"><\/span><\/span><\/div><\/div><div class=\"wpr-grid-item-excerpt elementor-repeater-item-19c9d30 wpr-grid-item-display-block wpr-grid-item-align-left\"><div class=\"inner-block\"><p>L\u2019intelligence artificielle g\u00e9n\u00e9rative \u2013 capable de cr\u00e9er images, textes, vid\u00e9os ou designs originaux \u2013 bouleverse les fa\u00e7ons dont les marques...<\/p><\/div><\/div><div class=\"wpr-grid-item-read-more elementor-repeater-item-8e198e8 wpr-grid-item-display-block wpr-grid-item-align-left\"><div class=\"inner-block\"><a target=\"_self\" href=\"https:\/\/285222.peda.univ-lille.fr\/2025\/wordpress\/?p=179\" class=\"wpr-button-effect wpr-button-none\"><span>Lire l&#039;article<\/span><\/a><\/div><\/div><\/div><\/div><\/article><article class=\"wpr-grid-item elementor-clearfix post-176 post type-post status-publish format-standard has-post-thumbnail hentry category-ia-et-veille-concurrentielle\"><div class=\"wpr-grid-item-inner\"><div class=\"wpr-grid-media-wrap wpr-effect-size-medium \" data-overlay-link=\"yes\"><div class=\"wpr-grid-image-wrap\" data-src=\"https:\/\/285222.peda.univ-lille.fr\/2025\/wordpress\/wp-content\/uploads\/2025\/04\/veille-referencement.png\" data-img-on-hover=\"\"  data-src-secondary=\"\"><img decoding=\"async\" data-no-lazy=\"1\" src=\"https:\/\/285222.peda.univ-lille.fr\/2025\/wordpress\/wp-content\/uploads\/2025\/04\/veille-referencement.png\" alt=\"Quand les donn\u00e9es comportementales deviennent un levier de veille concurrentielle\" class=\"wpr-anim-timing-ease-default\"><\/div><div class=\"wpr-grid-media-hover wpr-animation-wrap\"><div class=\"wpr-grid-media-hover-bg  wpr-overlay-fade-in wpr-anim-size-large wpr-anim-timing-ease-default wpr-anim-transparency\" data-url=\"https:\/\/285222.peda.univ-lille.fr\/2025\/wordpress\/?p=176\"><\/div><\/div><\/div><div class=\"wpr-grid-item-below-content elementor-clearfix\"><h2 class=\"wpr-grid-item-title elementor-repeater-item-175aff0 wpr-grid-item-display-block wpr-grid-item-align-left wpr-pointer-none wpr-pointer-line-fx wpr-pointer-fx-fade\"><div class=\"inner-block\"><a target=\"_self\"  href=\"https:\/\/285222.peda.univ-lille.fr\/2025\/wordpress\/?p=176\">Quand les donn\u00e9es comportementales deviennent un levier de veille concurrentielle<\/a><\/div><\/h2><div class=\"wpr-grid-item-date elementor-repeater-item-b4899e6 wpr-grid-item-display-inline wpr-grid-item-align-left\"><div class=\"inner-block\"><span>17 avril 2025<span class=\"wpr-grid-extra-text-right\"><\/span><\/span><\/div><\/div><div class=\"wpr-grid-item-excerpt elementor-repeater-item-19c9d30 wpr-grid-item-display-block wpr-grid-item-align-left\"><div class=\"inner-block\"><p>Dans un environnement hyperconcurrentiel, les donn\u00e9es comportementales des consommateurs se transforment en gisement pr\u00e9cieux pour la veille concurrentielle. Il ne...<\/p><\/div><\/div><div class=\"wpr-grid-item-read-more elementor-repeater-item-8e198e8 wpr-grid-item-display-block wpr-grid-item-align-left\"><div class=\"inner-block\"><a target=\"_self\" href=\"https:\/\/285222.peda.univ-lille.fr\/2025\/wordpress\/?p=176\" class=\"wpr-button-effect wpr-button-none\"><span>Lire l&#039;article<\/span><\/a><\/div><\/div><\/div><\/div><\/article><article class=\"wpr-grid-item elementor-clearfix post-173 post type-post status-publish format-standard has-post-thumbnail hentry category-ia-et-veille-concurrentielle\"><div class=\"wpr-grid-item-inner\"><div class=\"wpr-grid-media-wrap wpr-effect-size-medium \" data-overlay-link=\"yes\"><div class=\"wpr-grid-image-wrap\" data-src=\"https:\/\/285222.peda.univ-lille.fr\/2025\/wordpress\/wp-content\/uploads\/2025\/04\/ebp_blog_ia-intelligence-articifielle-aide-entreprise.webp\" data-img-on-hover=\"\"  data-src-secondary=\"\"><img decoding=\"async\" data-no-lazy=\"1\" src=\"https:\/\/285222.peda.univ-lille.fr\/2025\/wordpress\/wp-content\/uploads\/2025\/04\/ebp_blog_ia-intelligence-articifielle-aide-entreprise.webp\" alt=\"La veille pr\u00e9dictive : vers une nouvelle \u00e8re de l\u2019anticipation strat\u00e9gique\" class=\"wpr-anim-timing-ease-default\"><\/div><div class=\"wpr-grid-media-hover wpr-animation-wrap\"><div class=\"wpr-grid-media-hover-bg  wpr-overlay-fade-in wpr-anim-size-large wpr-anim-timing-ease-default wpr-anim-transparency\" data-url=\"https:\/\/285222.peda.univ-lille.fr\/2025\/wordpress\/?p=173\"><\/div><\/div><\/div><div class=\"wpr-grid-item-below-content elementor-clearfix\"><h2 class=\"wpr-grid-item-title elementor-repeater-item-175aff0 wpr-grid-item-display-block wpr-grid-item-align-left wpr-pointer-none wpr-pointer-line-fx wpr-pointer-fx-fade\"><div class=\"inner-block\"><a target=\"_self\"  href=\"https:\/\/285222.peda.univ-lille.fr\/2025\/wordpress\/?p=173\">La veille pr\u00e9dictive : vers une nouvelle \u00e8re de l\u2019anticipation strat\u00e9gique<\/a><\/div><\/h2><div class=\"wpr-grid-item-date elementor-repeater-item-b4899e6 wpr-grid-item-display-inline wpr-grid-item-align-left\"><div class=\"inner-block\"><span>17 avril 2025<span class=\"wpr-grid-extra-text-right\"><\/span><\/span><\/div><\/div><div class=\"wpr-grid-item-excerpt elementor-repeater-item-19c9d30 wpr-grid-item-display-block wpr-grid-item-align-left\"><div class=\"inner-block\"><p>La veille concurrentielle \u00e9volue d\u2019une posture r\u00e9active vers une approche pr\u00e9dictive, inaugurant une nouvelle \u00e8re d\u2019anticipation strat\u00e9gique. Historiquement, les analystes...<\/p><\/div><\/div><div class=\"wpr-grid-item-read-more elementor-repeater-item-8e198e8 wpr-grid-item-display-block wpr-grid-item-align-left\"><div class=\"inner-block\"><a target=\"_self\" href=\"https:\/\/285222.peda.univ-lille.fr\/2025\/wordpress\/?p=173\" class=\"wpr-button-effect wpr-button-none\"><span>Lire l&#039;article<\/span><\/a><\/div><\/div><\/div><\/div><\/article><article class=\"wpr-grid-item elementor-clearfix post-169 post type-post status-publish format-standard has-post-thumbnail hentry category-dossier-special\"><div class=\"wpr-grid-item-inner\"><div class=\"wpr-grid-media-wrap wpr-effect-size-medium \" data-overlay-link=\"yes\"><div class=\"wpr-grid-image-wrap\" data-src=\"https:\/\/285222.peda.univ-lille.fr\/2025\/wordpress\/wp-content\/uploads\/2025\/04\/1200x680_sc_ia-intelligence-artificielle-vie-quotidienne.jpg\" data-img-on-hover=\"\"  data-src-secondary=\"\"><img decoding=\"async\" data-no-lazy=\"1\" src=\"https:\/\/285222.peda.univ-lille.fr\/2025\/wordpress\/wp-content\/uploads\/2025\/04\/1200x680_sc_ia-intelligence-artificielle-vie-quotidienne.jpg\" alt=\"Analyse de cas : comment l\u2019IA a d\u00e9jou\u00e9 une attaque multi-vectorielle en entreprise\" class=\"wpr-anim-timing-ease-default\"><\/div><div class=\"wpr-grid-media-hover wpr-animation-wrap\"><div class=\"wpr-grid-media-hover-bg  wpr-overlay-fade-in wpr-anim-size-large wpr-anim-timing-ease-default wpr-anim-transparency\" data-url=\"https:\/\/285222.peda.univ-lille.fr\/2025\/wordpress\/?p=169\"><\/div><\/div><\/div><div class=\"wpr-grid-item-below-content elementor-clearfix\"><h2 class=\"wpr-grid-item-title elementor-repeater-item-175aff0 wpr-grid-item-display-block wpr-grid-item-align-left wpr-pointer-none wpr-pointer-line-fx wpr-pointer-fx-fade\"><div class=\"inner-block\"><a target=\"_self\"  href=\"https:\/\/285222.peda.univ-lille.fr\/2025\/wordpress\/?p=169\">Analyse de cas : comment l\u2019IA a d\u00e9jou\u00e9 une attaque multi-vectorielle en entreprise<\/a><\/div><\/h2><div class=\"wpr-grid-item-date elementor-repeater-item-b4899e6 wpr-grid-item-display-inline wpr-grid-item-align-left\"><div class=\"inner-block\"><span>17 avril 2025<span class=\"wpr-grid-extra-text-right\"><\/span><\/span><\/div><\/div><div class=\"wpr-grid-item-excerpt elementor-repeater-item-19c9d30 wpr-grid-item-display-block wpr-grid-item-align-left\"><div class=\"inner-block\"><p>Pour illustrer de mani\u00e8re concr\u00e8te l\u2019efficacit\u00e9 de l\u2019intelligence artificielle (IA) dans le domaine de la cybers\u00e9curit\u00e9, examinons un cas pr\u00e9cis,...<\/p><\/div><\/div><div class=\"wpr-grid-item-read-more elementor-repeater-item-8e198e8 wpr-grid-item-display-block wpr-grid-item-align-left\"><div class=\"inner-block\"><a target=\"_self\" href=\"https:\/\/285222.peda.univ-lille.fr\/2025\/wordpress\/?p=169\" class=\"wpr-button-effect wpr-button-none\"><span>Lire l&#039;article<\/span><\/a><\/div><\/div><\/div><\/div><\/article><article class=\"wpr-grid-item elementor-clearfix post-165 post type-post status-publish format-standard has-post-thumbnail hentry category-ia-et-cybersecurite\"><div class=\"wpr-grid-item-inner\"><div class=\"wpr-grid-media-wrap wpr-effect-size-medium \" data-overlay-link=\"yes\"><div class=\"wpr-grid-image-wrap\" data-src=\"https:\/\/285222.peda.univ-lille.fr\/2025\/wordpress\/wp-content\/uploads\/2025\/04\/ia-intelligence-artificielle-machine-learning.jpg\" data-img-on-hover=\"\"  data-src-secondary=\"\"><img decoding=\"async\" data-no-lazy=\"1\" src=\"https:\/\/285222.peda.univ-lille.fr\/2025\/wordpress\/wp-content\/uploads\/2025\/04\/ia-intelligence-artificielle-machine-learning.jpg\" alt=\"Cybers\u00e9curit\u00e9 comportementale : anticiper les risques internes gr\u00e2ce aux donn\u00e9es\" class=\"wpr-anim-timing-ease-default\"><\/div><div class=\"wpr-grid-media-hover wpr-animation-wrap\"><div class=\"wpr-grid-media-hover-bg  wpr-overlay-fade-in wpr-anim-size-large wpr-anim-timing-ease-default wpr-anim-transparency\" data-url=\"https:\/\/285222.peda.univ-lille.fr\/2025\/wordpress\/?p=165\"><\/div><\/div><\/div><div class=\"wpr-grid-item-below-content elementor-clearfix\"><h2 class=\"wpr-grid-item-title elementor-repeater-item-175aff0 wpr-grid-item-display-block wpr-grid-item-align-left wpr-pointer-none wpr-pointer-line-fx wpr-pointer-fx-fade\"><div class=\"inner-block\"><a target=\"_self\"  href=\"https:\/\/285222.peda.univ-lille.fr\/2025\/wordpress\/?p=165\">Cybers\u00e9curit\u00e9 comportementale : anticiper les risques internes gr\u00e2ce aux donn\u00e9es<\/a><\/div><\/h2><div class=\"wpr-grid-item-date elementor-repeater-item-b4899e6 wpr-grid-item-display-inline wpr-grid-item-align-left\"><div class=\"inner-block\"><span>17 avril 2025<span class=\"wpr-grid-extra-text-right\"><\/span><\/span><\/div><\/div><div class=\"wpr-grid-item-excerpt elementor-repeater-item-19c9d30 wpr-grid-item-display-block wpr-grid-item-align-left\"><div class=\"inner-block\"><p>La cybers\u00e9curit\u00e9 comportementale repr\u00e9sente une \u00e9volution paradigmatique dans le domaine de la protection des syst\u00e8mes d\u2019information, d\u00e9laissant une approche traditionnellement...<\/p><\/div><\/div><div class=\"wpr-grid-item-read-more elementor-repeater-item-8e198e8 wpr-grid-item-display-block wpr-grid-item-align-left\"><div class=\"inner-block\"><a target=\"_self\" href=\"https:\/\/285222.peda.univ-lille.fr\/2025\/wordpress\/?p=165\" class=\"wpr-button-effect wpr-button-none\"><span>Lire l&#039;article<\/span><\/a><\/div><\/div><\/div><\/div><\/article><\/section><div class=\"wpr-grid-pagination elementor-clearfix wpr-grid-pagination-load-more\" data-pages=\"2\"><a href=\"https:\/\/285222.peda.univ-lille.fr\/2025\/wordpress\/index.php?rest_route=%2Fwp%2Fv2%2Fpages%2F226&#038;paged=2\" class=\"wpr-load-more-btn\" data-e-disable-page-transition >Load More<\/a><div class=\"wpr-pagination-loading\"><div class=\"wpr-double-bounce\"><div class=\"wpr-child wpr-double-bounce1\"><\/div><div class=\"wpr-child wpr-double-bounce2\"><\/div><\/div><\/div><p class=\"wpr-pagination-finish\">End of Content.<\/p><\/div>\t\t\t\t<\/div>\n\t\t\t\t<\/div>\n\t\t\t\t<\/div>\n\t\t\t\t<\/div>\n\t\t","protected":false},"excerpt":{"rendered":"<p>ECOVEILLE Votre blog d&rsquo;actualit\u00e9 en veille strat\u00e9gique Dans un monde en constante mutation, o\u00f9 la donn\u00e9e est devenue un actif strat\u00e9gique, EcoVeille se positionne comme un espace d\u2019analyse, de r\u00e9flexion et de veille destin\u00e9 aux professionnels, chercheurs, \u00e9tudiants et passionn\u00e9s de l\u2019intelligence \u00e9conomique. \u00a0 D\u00e9couvrez notre dossier sp\u00e9cial A propos \ud83d\udd0d Ce que vous trouverez sur EcoVeille : Des articles de fond sur les outils et techniques de veille strat\u00e9gique Des d\u00e9cryptages sur l\u2019utilisation de l\u2019IA, des agents conversationnels et de la data dans la veille En savoir plus Objectifs Notre ambition est claire : outiller les acteurs d\u2019aujourd\u2019hui pour anticiper les d\u00e9fis de demain, en leur offrant des ressources rigoureuses, des m\u00e9thodologies \u00e9prouv\u00e9es et des perspectives innovantes sur la collecte, l\u2019analyse et l\u2019exploitation de l\u2019information strat\u00e9gique. Explorez nos articles All Posts Dossier sp\u00e9cial \u00c9thique et r\u00e9gulation IA et cybers\u00e9curit\u00e9 IA et veille concurrentielle Outils IA pour la veille Entre surveillance et transparence : les paradoxes \u00e9thiques de l\u2019IA appliqu\u00e9e \u00e0 la veille 18 avril 2025 IntroductionL\u2019essor de l\u2019intelligence artificielle (IA) dans la veille strat\u00e9gique bouleverse les m\u00e9thodes traditionnelles d\u2019analyse et de pr\u00e9diction. Si cette technologie&#8230; Lire l&#039;article Entre surveillance et transparence : les paradoxes \u00e9thiques de l\u2019IA appliqu\u00e9e \u00e0 la veille 18 avril 2025 Introduction L\u2019intelligence artificielle (IA) red\u00e9finit les fronti\u00e8res de la veille strat\u00e9gique, offrant aux organisations une capacit\u00e9 in\u00e9dite \u00e0 anticiper les&#8230; Lire l&#039;article L&rsquo;AI Act europ\u00e9en : ce que les veilleurs doivent savoir d\u00e8s maintenant 18 avril 2025 Introduction L&rsquo;intelligence artificielle (IA) n&rsquo;est plus une perspective lointaine pour les professionnels de la veille strat\u00e9gique ; elle est une&#8230; Lire l&#039;article Crowdsourcing et IA : la veille participative du futur 18 avril 2025 Introduction : l&rsquo;intelligence collective au service d&rsquo;une veille enrichie La veille strat\u00e9gique traditionnelle, bien qu&rsquo;essentielle, repose souvent sur l&rsquo;analyse de&#8230; Lire l&#039;article Les Plateformes Low-Code\/No-Code d&rsquo;IA pour veilleurs non techniques 18 avril 2025 Introduction : d\u00e9mocratiser l&rsquo;acc\u00e8s \u00e0 l&rsquo;IA pour les experts m\u00e9tier L&rsquo;int\u00e9gration de l&rsquo;intelligence artificielle (IA) r\u00e9volutionne la veille strat\u00e9gique, en&#8230; Lire l&#039;article Visualisation augment\u00e9e de la veille : quand l\u2019IA dessine les dynamiques informationnelles 18 avril 2025 Introduction : le d\u00e9fi de la surcharge informationnelle La veille strat\u00e9gique contemporaine se d\u00e9roule dans un environnement num\u00e9rique marqu\u00e9 par&#8230; Lire l&#039;article L\u2019Intelligence artificielle au service de la veille strat\u00e9gique: Automatisation de la d\u00e9tection des signaux faibles 18 avril 2025 Introduction \u00c0 l\u2019heure o\u00f9 l\u2019information circule \u00e0 une vitesse fulgurante, la veille strat\u00e9gique s\u2019impose comme un levier d\u00e9cisif pour des&#8230; Lire l&#039;article De l\u2019analyse lexicale \u00e0 la synth\u00e8se strat\u00e9gique : l\u2019IA au c\u0153ur de la transformation documentaire 17 avril 2025 1. IA et veille documentaire Les professionnels de la veille et de l&rsquo;intelligence \u00e9conomique sont aujourd&rsquo;hui submerg\u00e9s par un volume&#8230; Lire l&#039;article API, IA et scraping \u00e9thique : les nouvelles pratiques de collecte automatis\u00e9e 17 avril 2025 1. Vers une veille plus \u00e9thique? La collecte automatis\u00e9e de donn\u00e9es sur le web est une pierre angulaire de la&#8230; Lire l&#039;article \ud83c\udfaf Comment exploiter les agents conversationnels pour la collecte de donn\u00e9es de veille 17 avril 2025 Les agents conversationnels \u2013 plus connus sous les noms de chatbots ou assistants virtuels \u2013 sont aujourd\u2019hui des interfaces incontournables&#8230; Lire l&#039;article L\u2019essor des assistants de curation intelligente : vers une veille sans friction 17 avril 2025 1. Introduction Dans l&rsquo;oc\u00e9an informationnel actuel, la capacit\u00e9 \u00e0 identifier, s\u00e9lectionner et partager les informations les plus pertinentes \u2013 la&#8230; Lire l&#039;article Int\u00e9grer l\u2019IA dans son workflow de veille : m\u00e9thodes pratiques et erreurs \u00e0 \u00e9viter 17 avril 2025 1.L&rsquo;IA \u00e0 nos trousses L&rsquo;intelligence artificielle (IA) n&rsquo;est plus une perspective lointaine mais un levier op\u00e9rationnel tangible pour l&rsquo;optimisation des&#8230; Lire l&#039;article Comparatif 2025 : les 7 meilleurs outils d\u2019IA pour automatiser la veille sectorielle 17 avril 2025 1. Des outils d&rsquo;aide \u00e0 la d\u00e9cision Dans un environnement \u00e9conomique caract\u00e9ris\u00e9 par une acc\u00e9l\u00e9ration constante et une surabondance informationnelle,&#8230; Lire l&#039;article La personnalisation de la veille\u00a0: une arme discr\u00e8te mais d\u00e9cisive dans l\u2019ar\u00e8ne concurrentielle 17 avril 2025 Avoir de l\u2019information, c\u2019est bien. Avoir l\u2019information pertinente, au bon moment, pour la bonne personne, c\u2019est mieux \u2013 et c\u2019est&#8230; Lire l&#039;article Panorama des plateformes d\u2019IA utilis\u00e9es pour l\u2019analyse de la concurrence en temps r\u00e9el 17 avril 2025 Face \u00e0 la profusion de donn\u00e9es et \u00e0 l\u2019acc\u00e9l\u00e9ration des cycles concurrents, de nombreuses plateformes d\u2019IA ont \u00e9merg\u00e9 pour aider&#8230; Lire l&#039;article La d\u00e9sinterm\u00e9diation sectorielle vue par l\u2019IA\u00a0: une alerte strat\u00e9gique pour les PME 17 avril 2025 La d\u00e9sinterm\u00e9diation \u2013 ce processus par lequel un acteur \u00e9limine les interm\u00e9diaires pour acc\u00e9der directement au client final \u2013 est&#8230; Lire l&#039;article Du benchmarking \u00e0 la mod\u00e9lisation pr\u00e9dictive\u00a0: m\u00e9tamorphose des outils de veille 17 avril 2025 Les pratiques de veille concurrentielle ont connu une v\u00e9ritable m\u00e9tamorphose au cours de la derni\u00e8re d\u00e9cennie, passant d\u2019un benchmarking statique&#8230; Lire l&#039;article \u00c9tude de cas\u00a0: comment une startup a d\u00e9tect\u00e9 une menace concurrentielle gr\u00e2ce \u00e0 l\u2019IA 17 avril 2025 Les technologies d\u2019IA appliqu\u00e9es \u00e0 la veille concurrentielle ne sont pas r\u00e9serv\u00e9es qu\u2019aux grands groupes. Illustration \u00e0 travers le cas&#8230; Lire l&#039;article L\u2019automatisation de la surveillance march\u00e9 : enjeux, outils et perspectives 17 avril 2025 Surveiller le march\u00e9 en temps r\u00e9el est devenu un imp\u00e9ratif, tant les \u00e9volutions sont rapides et nombreuses. Les m\u00e9thodes manuelles&#8230; Lire l&#039;article L\u2019impact de l\u2019IA g\u00e9n\u00e9rative sur les strat\u00e9gies de diff\u00e9renciation des marques 17 avril 2025 L\u2019intelligence artificielle g\u00e9n\u00e9rative \u2013 capable de cr\u00e9er images, textes, vid\u00e9os ou designs originaux \u2013 bouleverse les fa\u00e7ons dont les marques&#8230; Lire l&#039;article Quand les donn\u00e9es comportementales deviennent un levier de veille concurrentielle 17 avril 2025 Dans un environnement hyperconcurrentiel, les donn\u00e9es comportementales des consommateurs se transforment en gisement pr\u00e9cieux pour la veille concurrentielle. Il ne&#8230; Lire l&#039;article La veille pr\u00e9dictive : vers une nouvelle \u00e8re de l\u2019anticipation strat\u00e9gique 17 avril 2025 La veille concurrentielle \u00e9volue d\u2019une posture r\u00e9active vers une approche pr\u00e9dictive, inaugurant une nouvelle \u00e8re d\u2019anticipation strat\u00e9gique. Historiquement, les analystes&#8230; Lire l&#039;article Analyse de cas : comment l\u2019IA a d\u00e9jou\u00e9 une attaque multi-vectorielle en entreprise 17 avril 2025 Pour illustrer de mani\u00e8re concr\u00e8te l\u2019efficacit\u00e9 de l\u2019intelligence artificielle (IA) dans le domaine de la cybers\u00e9curit\u00e9,<\/p>\n","protected":false},"author":1,"featured_media":0,"parent":0,"menu_order":0,"comment_status":"closed","ping_status":"closed","template":"","meta":{"site-sidebar-layout":"default","site-content-layout":"","ast-site-content-layout":"default","site-content-style":"default","site-sidebar-style":"default","ast-global-header-display":"","ast-banner-title-visibility":"","ast-main-header-display":"","ast-hfb-above-header-display":"","ast-hfb-below-header-display":"","ast-hfb-mobile-header-display":"","site-post-title":"","ast-breadcrumbs-content":"","ast-featured-img":"","footer-sml-layout":"","ast-disable-related-posts":"","theme-transparent-header-meta":"","adv-header-id-meta":"","stick-header-meta":"","header-above-stick-meta":"","header-main-stick-meta":"","header-below-stick-meta":"","astra-migrate-meta-layouts":"default","ast-page-background-enabled":"default","ast-page-background-meta":{"desktop":{"background-color":"var(--ast-global-color-5)","background-image":"","background-repeat":"repeat","background-position":"center center","background-size":"auto","background-attachment":"scroll","background-type":"","background-media":"","overlay-type":"","overlay-color":"","overlay-opacity":"","overlay-gradient":""},"tablet":{"background-color":"","background-image":"","background-repeat":"repeat","background-position":"center center","background-size":"auto","background-attachment":"scroll","background-type":"","background-media":"","overlay-type":"","overlay-color":"","overlay-opacity":"","overlay-gradient":""},"mobile":{"background-color":"","background-image":"","background-repeat":"repeat","background-position":"center center","background-size":"auto","background-attachment":"scroll","background-type":"","background-media":"","overlay-type":"","overlay-color":"","overlay-opacity":"","overlay-gradient":""}},"ast-content-background-meta":{"desktop":{"background-color":"var(--ast-global-color-4)","background-image":"","background-repeat":"repeat","background-position":"center center","background-size":"auto","background-attachment":"scroll","background-type":"","background-media":"","overlay-type":"","overlay-color":"","overlay-opacity":"","overlay-gradient":""},"tablet":{"background-color":"var(--ast-global-color-4)","background-image":"","background-repeat":"repeat","background-position":"center center","background-size":"auto","background-attachment":"scroll","background-type":"","background-media":"","overlay-type":"","overlay-color":"","overlay-opacity":"","overlay-gradient":""},"mobile":{"background-color":"var(--ast-global-color-4)","background-image":"","background-repeat":"repeat","background-position":"center center","background-size":"auto","background-attachment":"scroll","background-type":"","background-media":"","overlay-type":"","overlay-color":"","overlay-opacity":"","overlay-gradient":""}},"footnotes":""},"class_list":["post-226","page","type-page","status-publish","hentry"],"_links":{"self":[{"href":"https:\/\/285222.peda.univ-lille.fr\/2025\/wordpress\/index.php?rest_route=\/wp\/v2\/pages\/226","targetHints":{"allow":["GET"]}}],"collection":[{"href":"https:\/\/285222.peda.univ-lille.fr\/2025\/wordpress\/index.php?rest_route=\/wp\/v2\/pages"}],"about":[{"href":"https:\/\/285222.peda.univ-lille.fr\/2025\/wordpress\/index.php?rest_route=\/wp\/v2\/types\/page"}],"author":[{"embeddable":true,"href":"https:\/\/285222.peda.univ-lille.fr\/2025\/wordpress\/index.php?rest_route=\/wp\/v2\/users\/1"}],"replies":[{"embeddable":true,"href":"https:\/\/285222.peda.univ-lille.fr\/2025\/wordpress\/index.php?rest_route=%2Fwp%2Fv2%2Fcomments&post=226"}],"version-history":[{"count":73,"href":"https:\/\/285222.peda.univ-lille.fr\/2025\/wordpress\/index.php?rest_route=\/wp\/v2\/pages\/226\/revisions"}],"predecessor-version":[{"id":427,"href":"https:\/\/285222.peda.univ-lille.fr\/2025\/wordpress\/index.php?rest_route=\/wp\/v2\/pages\/226\/revisions\/427"}],"wp:attachment":[{"href":"https:\/\/285222.peda.univ-lille.fr\/2025\/wordpress\/index.php?rest_route=%2Fwp%2Fv2%2Fmedia&parent=226"}],"curies":[{"name":"wp","href":"https:\/\/api.w.org\/{rel}","templated":true}]}}